{"id":606,"date":"2023-11-13T01:16:07","date_gmt":"2023-11-12T23:16:07","guid":{"rendered":"https:\/\/bureaudesoutien.org\/?page_id=606"},"modified":"2023-12-07T20:47:58","modified_gmt":"2023-12-07T18:47:58","slug":"plan-strategique","status":"publish","type":"page","link":"https:\/\/bureaudesoutien.org\/fr\/plan-strategique\/","title":{"rendered":"Plan Strat\u00e9gique"},"content":{"rendered":"\t\t<div data-elementor-type=\"wp-page\" data-elementor-id=\"606\" class=\"elementor elementor-606\">\n\t\t\t\t\t\t<section class=\"elementor-section elementor-top-section elementor-element elementor-element-utgw8kp elementor-section-boxed elementor-section-height-default elementor-section-height-default wpr-particle-no wpr-sticky-section-no wpr-equal-height-no\" data-id=\"utgw8kp\" data-element_type=\"section\" data-e-type=\"section\" data-settings=\"{&quot;background_background&quot;:&quot;classic&quot;}\">\n\t\t\t\t\t\t\t<div class=\"elementor-background-overlay\"><\/div>\n\t\t\t\t\t\t\t<div class=\"elementor-container elementor-column-gap-no\">\n\t\t\t\t\t<div class=\"elementor-column elementor-col-50 elementor-top-column elementor-element elementor-element-f66c417\" data-id=\"f66c417\" data-element_type=\"column\" data-e-type=\"column\">\n\t\t\t<div class=\"elementor-widget-wrap elementor-element-populated\">\n\t\t\t\t\t\t<div class=\"elementor-element elementor-element-b8ae100 elementor-widget elementor-widget-heading\" data-id=\"b8ae100\" data-element_type=\"widget\" data-e-type=\"widget\" data-widget_type=\"heading.default\">\n\t\t\t\t<div class=\"elementor-widget-container\">\n\t\t\t\t\t<h1 class=\"elementor-heading-title elementor-size-default\">PLAN STRAT\u00c9GIQUE DU\nBUREAU DE SOUTIEN<\/h1>\t\t\t\t<\/div>\n\t\t\t\t<\/div>\n\t\t\t\t<div class=\"elementor-element elementor-element-1439bca elementor-widget elementor-widget-text-editor\" data-id=\"1439bca\" data-element_type=\"widget\" data-e-type=\"widget\" data-widget_type=\"text-editor.default\">\n\t\t\t\t<div class=\"elementor-widget-container\">\n\t\t\t\t\t\t\t\t\t<p>2024 &#8211; 2029<\/p>\t\t\t\t\t\t\t\t<\/div>\n\t\t\t\t<\/div>\n\t\t\t\t\t<\/div>\n\t\t<\/div>\n\t\t\t\t<div class=\"elementor-column elementor-col-50 elementor-top-column elementor-element elementor-element-16a252d\" data-id=\"16a252d\" data-element_type=\"column\" data-e-type=\"column\">\n\t\t\t<div class=\"elementor-widget-wrap elementor-element-populated\">\n\t\t\t\t\t\t<div class=\"elementor-element elementor-element-6a9dd0e elementor-widget elementor-widget-image\" data-id=\"6a9dd0e\" data-element_type=\"widget\" data-e-type=\"widget\" data-widget_type=\"image.default\">\n\t\t\t\t<div class=\"elementor-widget-container\">\n\t\t\t\t\t\t\t\t\t\t\t\t\t\t\t<img fetchpriority=\"high\" decoding=\"async\" width=\"558\" height=\"505\" src=\"https:\/\/bureaudesoutien.org\/wp-content\/uploads\/2023\/10\/CBR-group-in-Uvira1.jpg\" class=\"attachment-full size-full wp-image-385\" alt=\"Bureau de Soutien-Groupe Uvira\" srcset=\"https:\/\/bureaudesoutien.org\/wp-content\/uploads\/2023\/10\/CBR-group-in-Uvira1.jpg 558w, https:\/\/bureaudesoutien.org\/wp-content\/uploads\/2023\/10\/CBR-group-in-Uvira1-300x272.jpg 300w, https:\/\/bureaudesoutien.org\/wp-content\/uploads\/2023\/10\/CBR-group-in-Uvira1-13x12.jpg 13w\" sizes=\"(max-width: 558px) 100vw, 558px\" \/>\t\t\t\t\t\t\t\t\t\t\t\t\t\t\t<\/div>\n\t\t\t\t<\/div>\n\t\t\t\t<div class=\"elementor-element elementor-element-28e0b18 elementor-absolute elementor-widget-mobile__width-inherit elementor-widget elementor-widget-image\" data-id=\"28e0b18\" data-element_type=\"widget\" data-e-type=\"widget\" data-settings=\"{&quot;_position&quot;:&quot;absolute&quot;}\" data-widget_type=\"image.default\">\n\t\t\t\t<div class=\"elementor-widget-container\">\n\t\t\t\t\t\t\t\t\t\t\t\t\t\t\t<img decoding=\"async\" width=\"1080\" height=\"720\" src=\"https:\/\/bureaudesoutien.org\/wp-content\/uploads\/2023\/10\/Bureau-de-soutien_5.png\" class=\"attachment-full size-full wp-image-359\" alt=\"Bureau de soutien team\" srcset=\"https:\/\/bureaudesoutien.org\/wp-content\/uploads\/2023\/10\/Bureau-de-soutien_5.png 1080w, https:\/\/bureaudesoutien.org\/wp-content\/uploads\/2023\/10\/Bureau-de-soutien_5-300x200.png 300w, https:\/\/bureaudesoutien.org\/wp-content\/uploads\/2023\/10\/Bureau-de-soutien_5-1024x683.png 1024w, https:\/\/bureaudesoutien.org\/wp-content\/uploads\/2023\/10\/Bureau-de-soutien_5-768x512.png 768w, https:\/\/bureaudesoutien.org\/wp-content\/uploads\/2023\/10\/Bureau-de-soutien_5-18x12.png 18w, https:\/\/bureaudesoutien.org\/wp-content\/uploads\/2023\/10\/Bureau-de-soutien_5-600x400.png 600w\" sizes=\"(max-width: 1080px) 100vw, 1080px\" \/>\t\t\t\t\t\t\t\t\t\t\t\t\t\t\t<\/div>\n\t\t\t\t<\/div>\n\t\t\t\t\t<\/div>\n\t\t<\/div>\n\t\t\t\t\t<\/div>\n\t\t<\/section>\n\t\t\t\t<section class=\"elementor-section elementor-top-section elementor-element elementor-element-pl2bpk5 elementor-section-content-middle elementor-section-boxed elementor-section-height-default elementor-section-height-default wpr-particle-no wpr-sticky-section-no wpr-equal-height-no\" data-id=\"pl2bpk5\" data-element_type=\"section\" data-e-type=\"section\">\n\t\t\t\t\t\t<div class=\"elementor-container elementor-column-gap-no\">\n\t\t\t\t\t<div class=\"elementor-column elementor-col-50 elementor-top-column elementor-element elementor-element-3c37678\" data-id=\"3c37678\" data-element_type=\"column\" data-e-type=\"column\">\n\t\t\t<div class=\"elementor-widget-wrap elementor-element-populated\">\n\t\t\t\t\t\t<div class=\"elementor-element elementor-element-680a714 elementor-widget elementor-widget-heading\" data-id=\"680a714\" data-element_type=\"widget\" data-e-type=\"widget\" data-widget_type=\"heading.default\">\n\t\t\t\t<div class=\"elementor-widget-container\">\n\t\t\t\t\t<h2 class=\"elementor-heading-title elementor-size-default\">I. Presentation succincte de\nl\u2019approche du Bureau de Soutien<\/h2>\t\t\t\t<\/div>\n\t\t\t\t<\/div>\n\t\t\t\t<div class=\"elementor-element elementor-element-80851a3 elementor-widget elementor-widget-text-editor\" data-id=\"80851a3\" data-element_type=\"widget\" data-e-type=\"widget\" data-widget_type=\"text-editor.default\">\n\t\t\t\t<div class=\"elementor-widget-container\">\n\t\t\t\t\t\t\t\t\t<p><span class=\"OYPEnA text-decoration-none text-strikethrough-none\">Le Bureau de Soutien travaille pour r\u00e9habiliter et valoriser le r\u00f4le des acteurs locaux de paix dans la construction d\u2019une paix durable en R\u00e9publique d\u00e9mocratique du Congo.<\/span><\/p>\t\t\t\t\t\t\t\t<\/div>\n\t\t\t\t<\/div>\n\t\t\t\t<div class=\"elementor-element elementor-element-7728462 elementor-widget elementor-widget-heading\" data-id=\"7728462\" data-element_type=\"widget\" data-e-type=\"widget\" data-widget_type=\"heading.default\">\n\t\t\t\t<div class=\"elementor-widget-container\">\n\t\t\t\t\t<h2 class=\"elementor-heading-title elementor-size-default\">NOTRE VISION<\/h2>\t\t\t\t<\/div>\n\t\t\t\t<\/div>\n\t\t\t\t<div class=\"elementor-element elementor-element-42e391a elementor-widget elementor-widget-text-editor\" data-id=\"42e391a\" data-element_type=\"widget\" data-e-type=\"widget\" data-widget_type=\"text-editor.default\">\n\t\t\t\t<div class=\"elementor-widget-container\">\n\t\t\t\t\t\t\t\t\t<p><span class=\"OYPEnA text-decoration-none text-strikethrough-none\">Notre vision est de rechercher des solutions durables \u00e0 l&#8217;instabilit\u00e9 chronique qui s\u00e9vit dans le pays.<\/span><\/p>\t\t\t\t\t\t\t\t<\/div>\n\t\t\t\t<\/div>\n\t\t\t\t<div class=\"elementor-element elementor-element-e1b3df0 elementor-widget elementor-widget-heading\" data-id=\"e1b3df0\" data-element_type=\"widget\" data-e-type=\"widget\" data-widget_type=\"heading.default\">\n\t\t\t\t<div class=\"elementor-widget-container\">\n\t\t\t\t\t<h2 class=\"elementor-heading-title elementor-size-default\">NOS OBJECTIFS<\/h2>\t\t\t\t<\/div>\n\t\t\t\t<\/div>\n\t\t\t\t<div class=\"elementor-element elementor-element-40d8d5b elementor-widget elementor-widget-text-editor\" data-id=\"40d8d5b\" data-element_type=\"widget\" data-e-type=\"widget\" data-widget_type=\"text-editor.default\">\n\t\t\t\t<div class=\"elementor-widget-container\">\n\t\t\t\t\t\t\t\t\t<ul><li><span class=\"OYPEnA text-decoration-none text-strikethrough-none\">Renforcer les capacit\u00e9s des acteurs locaux de paix.<\/span><\/li><\/ul><ul><li><span class=\"OYPEnA text-decoration-none text-strikethrough-none\">Accro\u00eetre la cr\u00e9dibilit\u00e9, la viabilit\u00e9, la coh\u00e9sion et la r\u00e9silience des acteurs locaux.<\/span><\/li><\/ul><div>\u00a0<\/div><ul><li><span style=\"background-color: var(--ast-global-color-4); color: var(--ast-global-color-3); font-style: inherit; font-weight: inherit; letter-spacing: 0px;\">Contribuer \u00e0 la construction d&#8217;une paix durable en RDC.<\/span><\/li><\/ul>\t\t\t\t\t\t\t\t<\/div>\n\t\t\t\t<\/div>\n\t\t\t\t\t<\/div>\n\t\t<\/div>\n\t\t\t\t<div class=\"elementor-column elementor-col-50 elementor-top-column elementor-element elementor-element-caba4f4\" data-id=\"caba4f4\" data-element_type=\"column\" data-e-type=\"column\">\n\t\t\t<div class=\"elementor-widget-wrap elementor-element-populated\">\n\t\t\t\t\t\t<div class=\"elementor-element elementor-element-2fe049b elementor-widget elementor-widget-heading\" data-id=\"2fe049b\" data-element_type=\"widget\" data-e-type=\"widget\" data-widget_type=\"heading.default\">\n\t\t\t\t<div class=\"elementor-widget-container\">\n\t\t\t\t\t<h2 class=\"elementor-heading-title elementor-size-default\">NOTRE DEVISE<\/h2>\t\t\t\t<\/div>\n\t\t\t\t<\/div>\n\t\t\t\t<div class=\"elementor-element elementor-element-ac8a375 elementor-widget elementor-widget-text-editor\" data-id=\"ac8a375\" data-element_type=\"widget\" data-e-type=\"widget\" data-widget_type=\"text-editor.default\">\n\t\t\t\t<div class=\"elementor-widget-container\">\n\t\t\t\t\t\t\t\t\t<p><span class=\"OYPEnA text-decoration-none text-strikethrough-none\">Ensemble, nous pouvons cr\u00e9er un avenir pacifique et prosp\u00e8re !<\/span><\/p><p><span class=\"OYPEnA text-decoration-none text-strikethrough-none\">Le Bureau de Soutien travaille en partenariat avec Peace Direct pour poser des bases de la Paix durable en RDC. L\u2019engagement des acteurs locaux de paix s\u2019est d\u00e9montr\u00e9 comme un pas vers le chemin de la paix durable. Ces derniers sont des t\u00e9moins positifs qui ont v\u00e9cu les atrocit\u00e9s et le chao instaur\u00e9 depuis plus de 30 ans.<\/span><\/p>\t\t\t\t\t\t\t\t<\/div>\n\t\t\t\t<\/div>\n\t\t\t\t<div class=\"elementor-element elementor-element-fd70391 elementor-widget elementor-widget-text-editor\" data-id=\"fd70391\" data-element_type=\"widget\" data-e-type=\"widget\" data-widget_type=\"text-editor.default\">\n\t\t\t\t<div class=\"elementor-widget-container\">\n\t\t\t\t\t\t\t\t\t<p><span class=\"OYPEnA text-decoration-none text-strikethrough-none\">Depuis 2015, le programme de soutien aux acteurs des paix a d\u00e9montr\u00e9 des potentiels et d\u2019innovations d\u2019entamer le processus de paix en RDC en mettant en avant les exp\u00e9riences, les atouts et engagement des acteurs locaux de Paix (une approche Bottom Up) et en lieu et place des approches Top down). Le Bureau de Soutien a trouv\u00e9 la pertinence de valoriser cet apprentissage pour innover les actions \u00e0 mettre en place pour la paix durable en R\u00e9publique D\u00e9mocratique du Congo.<\/span><\/p>\t\t\t\t\t\t\t\t<\/div>\n\t\t\t\t<\/div>\n\t\t\t\t\t<\/div>\n\t\t<\/div>\n\t\t\t\t\t<\/div>\n\t\t<\/section>\n\t\t\t\t<section class=\"elementor-section elementor-top-section elementor-element elementor-element-x9u3lg2 elementor-section-content-middle elementor-reverse-mobile elementor-section-boxed elementor-section-height-default elementor-section-height-default wpr-particle-no wpr-sticky-section-no wpr-equal-height-no\" data-id=\"x9u3lg2\" data-element_type=\"section\" data-e-type=\"section\" data-settings=\"{&quot;background_background&quot;:&quot;classic&quot;,&quot;shape_divider_bottom&quot;:&quot;waves&quot;}\">\n\t\t\t\t\t\t\t<div class=\"elementor-background-overlay\"><\/div>\n\t\t\t\t\t\t<div class=\"elementor-shape elementor-shape-bottom\" aria-hidden=\"true\" data-negative=\"false\">\n\t\t\t<svg xmlns=\"http:\/\/www.w3.org\/2000\/svg\" viewBox=\"0 0 1000 100\" preserveAspectRatio=\"none\">\n\t<path class=\"elementor-shape-fill\" d=\"M421.9,6.5c22.6-2.5,51.5,0.4,75.5,5.3c23.6,4.9,70.9,23.5,100.5,35.7c75.8,32.2,133.7,44.5,192.6,49.7\n\tc23.6,2.1,48.7,3.5,103.4-2.5c54.7-6,106.2-25.6,106.2-25.6V0H0v30.3c0,0,72,32.6,158.4,30.5c39.2-0.7,92.8-6.7,134-22.4\n\tc21.2-8.1,52.2-18.2,79.7-24.2C399.3,7.9,411.6,7.5,421.9,6.5z\"\/>\n<\/svg>\t\t<\/div>\n\t\t\t\t\t<div class=\"elementor-container elementor-column-gap-default\">\n\t\t\t\t\t<div class=\"elementor-column elementor-col-100 elementor-top-column elementor-element elementor-element-bb729d9\" data-id=\"bb729d9\" data-element_type=\"column\" data-e-type=\"column\">\n\t\t\t<div class=\"elementor-widget-wrap elementor-element-populated\">\n\t\t\t\t\t\t<div class=\"elementor-element elementor-element-9303ad8 elementor-widget-tablet__width-initial elementor-widget-mobile__width-initial elementor-widget elementor-widget-text-editor\" data-id=\"9303ad8\" data-element_type=\"widget\" data-e-type=\"widget\" data-widget_type=\"text-editor.default\">\n\t\t\t\t<div class=\"elementor-widget-container\">\n\t\t\t\t\t\t\t\t\t<p>La consultation avec 22 groupes de travail r\u00e9unissant 550 acteurs locaux de paix a permis de ressortir le changement le plus significatif en termes d\u2019initiatives locales pour la paix durable en provinces du Nord Kivu, Sud-Kivu et Ituri.\u00a0<\/p><p>L\u2019\u00e9tablissement des groupes de travails des acteurs locaux de paix a jou\u00e9 un r\u00f4le important dans la conduite des analyses participatives du contexte de conflits, suivi de l\u2019\u00e9volution des atrocit\u00e9s et l\u2019\u00e9laboration des plans locaux de priorit\u00e9s de paix des entit\u00e9s couvertes par les activit\u00e9s de Groupe de travail.<\/p><p>Le Groupe de travail sont forums des acteurs locaux de paix constitu\u00e9 en sous-groupes th\u00e9matiques pour analyse et d\u00e9veloppement des priorit\u00e9s de paix (agenda de paix) au niveau local.<\/p><p>Ces priorit\u00e9s de paix servent de support par lesquels les groupes de travail conduisent des actions des dialogues d\u00e9mocratiques intra et intercommunautaires, sous forme des plaidoyers multi-acteurs pour la paix aupr\u00e8s des autorit\u00e9s politico administratives et autres d\u00e9cideurs, \u00e0 la sensibilisation \u00e0 la coh\u00e9sion sociale ou la cohabitation pacifique, etc.<\/p>\t\t\t\t\t\t\t\t<\/div>\n\t\t\t\t<\/div>\n\t\t\t\t\t<\/div>\n\t\t<\/div>\n\t\t\t\t\t<\/div>\n\t\t<\/section>\n\t\t\t\t<section class=\"elementor-section elementor-top-section elementor-element elementor-element-ev662ww elementor-section-content-middle elementor-section-boxed elementor-section-height-default elementor-section-height-default wpr-particle-no wpr-sticky-section-no wpr-equal-height-no\" data-id=\"ev662ww\" data-element_type=\"section\" data-e-type=\"section\" data-settings=\"{&quot;background_background&quot;:&quot;classic&quot;}\">\n\t\t\t\t\t\t<div class=\"elementor-container elementor-column-gap-no\">\n\t\t\t\t\t<div class=\"elementor-column elementor-col-33 elementor-top-column elementor-element elementor-element-fa3deba\" data-id=\"fa3deba\" data-element_type=\"column\" data-e-type=\"column\">\n\t\t\t<div class=\"elementor-widget-wrap elementor-element-populated\">\n\t\t\t\t\t\t<div class=\"elementor-element elementor-element-9d431b7 elementor-widget elementor-widget-image\" data-id=\"9d431b7\" data-element_type=\"widget\" data-e-type=\"widget\" data-widget_type=\"image.default\">\n\t\t\t\t<div class=\"elementor-widget-container\">\n\t\t\t\t\t\t\t\t\t\t\t\t\t\t\t<img decoding=\"async\" width=\"558\" height=\"505\" src=\"https:\/\/bureaudesoutien.org\/wp-content\/uploads\/2023\/10\/Renforcement-capacite-des-acteurd-locaux-de-paix-2.jpg\" class=\"attachment-full size-full wp-image-386\" alt=\"\" srcset=\"https:\/\/bureaudesoutien.org\/wp-content\/uploads\/2023\/10\/Renforcement-capacite-des-acteurd-locaux-de-paix-2.jpg 558w, https:\/\/bureaudesoutien.org\/wp-content\/uploads\/2023\/10\/Renforcement-capacite-des-acteurd-locaux-de-paix-2-300x272.jpg 300w, https:\/\/bureaudesoutien.org\/wp-content\/uploads\/2023\/10\/Renforcement-capacite-des-acteurd-locaux-de-paix-2-13x12.jpg 13w\" sizes=\"(max-width: 558px) 100vw, 558px\" \/>\t\t\t\t\t\t\t\t\t\t\t\t\t\t\t<\/div>\n\t\t\t\t<\/div>\n\t\t\t\t\t<\/div>\n\t\t<\/div>\n\t\t\t\t<div class=\"elementor-column elementor-col-66 elementor-top-column elementor-element elementor-element-b9749e4\" data-id=\"b9749e4\" data-element_type=\"column\" data-e-type=\"column\">\n\t\t\t<div class=\"elementor-widget-wrap elementor-element-populated\">\n\t\t\t\t\t\t<div class=\"elementor-element elementor-element-e938113 elementor-widget__width-initial elementor-widget-tablet__width-initial elementor-widget elementor-widget-text-editor\" data-id=\"e938113\" data-element_type=\"widget\" data-e-type=\"widget\" data-widget_type=\"text-editor.default\">\n\t\t\t\t<div class=\"elementor-widget-container\">\n\t\t\t\t\t\t\t\t\t<p><span class=\"OYPEnA text-decoration-none text-strikethrough-none\">II.<\/span> <span class=\"OYPEnA text-decoration-none text-strikethrough-none\">Approche de mutualisation des efforts des acteurs locaux de paix<\/span><\/p>\t\t\t\t\t\t\t\t<\/div>\n\t\t\t\t<\/div>\n\t\t\t\t<div class=\"elementor-element elementor-element-3dadcc9 elementor-widget__width-initial elementor-widget-tablet__width-initial elementor-widget elementor-widget-text-editor\" data-id=\"3dadcc9\" data-element_type=\"widget\" data-e-type=\"widget\" data-widget_type=\"text-editor.default\">\n\t\t\t\t<div class=\"elementor-widget-container\">\n\t\t\t\t\t\t\t\t\t<p><span class=\"OYPEnA text-decoration-none text-strikethrough-none\">Le Groupe de Travail est une approche de mutualisation des efforts des acteurs locaux de paix qui travaillent ensemble pour l\u2019agenda de paix de l\u2019entit\u00e9 g\u00e9ographique couverte par leurs interventions. <\/span><\/p><p><span class=\"OYPEnA text-decoration-none text-strikethrough-none\">Pour plus d\u2019efficacit\u00e9, les Groupes de travail sont connect\u00e9s \u00e0 partir des entit\u00e9s locales(territoires), au niveau provincial et national qui sont des entit\u00e9s de relais et de prises de d\u00e9cisions pour ce qui concerne les dialogues et plaidoyer pour la Paix durable en R\u00e9publique D\u00e9mocratique du Congo.<\/span><\/p><p><span class=\"OYPEnA text-decoration-none text-strikethrough-none\"> Chaque Groupe de Travail des acteurs locaux de paix est structur\u00e9 en 4 sous-groupes th\u00e9matiques par rapport aux centres d&#8217;int\u00e9r\u00eat qui rencontrent les domaines d\u2019interventions des acteurs locaux de paix \u00e0 savoir :<\/span><\/p>\t\t\t\t\t\t\t\t<\/div>\n\t\t\t\t<\/div>\n\t\t\t\t<div class=\"elementor-element elementor-element-617aac5 elementor-widget__width-initial elementor-widget-tablet__width-initial elementor-widget elementor-widget-text-editor\" data-id=\"617aac5\" data-element_type=\"widget\" data-e-type=\"widget\" data-widget_type=\"text-editor.default\">\n\t\t\t\t<div class=\"elementor-widget-container\">\n\t\t\t\t\t\t\t\t\t<p><span class=\"OYPEnA text-decoration-none text-strikethrough-none\">Gestion des conflits: Pr\u00e9vention des violences intercommunautaires, r\u00e9solution pacifique des conflits et r\u00e9conciliation.<\/span><\/p><p><span class=\"OYPEnA text-decoration-none text-strikethrough-none\">DDRR\/CBR: Pr\u00e9vention d&#8217; utilisation de jeunes au sein des groupes arm\u00e9s, d\u00e9sarmement, d\u00e9mobilisation et la r\u00e9int\u00e9gration \u00e0 base communautaire.<\/span><\/p><p><span class=\"OYPEnA text-decoration-none text-strikethrough-none\">Gouvernance locale: Gouvernance, dialogues entre gouvern\u00e9s et gouvernants.<\/span><\/p><p><span class=\"OYPEnA text-decoration-none text-strikethrough-none\">Genre: Genre, autonomisation \u00e9conomique des femmes et leadership des femmes, r\u00e9habilitation des statuts des femmes et masculinit\u00e9 positives.<\/span><\/p>\t\t\t\t\t\t\t\t<\/div>\n\t\t\t\t<\/div>\n\t\t\t\t\t<\/div>\n\t\t<\/div>\n\t\t\t\t\t<\/div>\n\t\t<\/section>\n\t\t\t\t<section class=\"elementor-section elementor-top-section elementor-element elementor-element-dfc41af elementor-section-content-middle elementor-reverse-mobile elementor-section-boxed elementor-section-height-default elementor-section-height-default wpr-particle-no wpr-sticky-section-no wpr-equal-height-no\" data-id=\"dfc41af\" data-element_type=\"section\" data-e-type=\"section\" data-settings=\"{&quot;background_background&quot;:&quot;classic&quot;,&quot;shape_divider_top&quot;:&quot;waves&quot;,&quot;shape_divider_bottom&quot;:&quot;mountains&quot;}\">\n\t\t\t\t\t\t\t<div class=\"elementor-background-overlay\"><\/div>\n\t\t\t\t\t\t<div class=\"elementor-shape elementor-shape-top\" aria-hidden=\"true\" data-negative=\"false\">\n\t\t\t<svg xmlns=\"http:\/\/www.w3.org\/2000\/svg\" viewBox=\"0 0 1000 100\" preserveAspectRatio=\"none\">\n\t<path class=\"elementor-shape-fill\" d=\"M421.9,6.5c22.6-2.5,51.5,0.4,75.5,5.3c23.6,4.9,70.9,23.5,100.5,35.7c75.8,32.2,133.7,44.5,192.6,49.7\n\tc23.6,2.1,48.7,3.5,103.4-2.5c54.7-6,106.2-25.6,106.2-25.6V0H0v30.3c0,0,72,32.6,158.4,30.5c39.2-0.7,92.8-6.7,134-22.4\n\tc21.2-8.1,52.2-18.2,79.7-24.2C399.3,7.9,411.6,7.5,421.9,6.5z\"\/>\n<\/svg>\t\t<\/div>\n\t\t\t\t<div class=\"elementor-shape elementor-shape-bottom\" aria-hidden=\"true\" data-negative=\"false\">\n\t\t\t<svg xmlns=\"http:\/\/www.w3.org\/2000\/svg\" viewBox=\"0 0 1000 100\" preserveAspectRatio=\"none\">\n\t<path class=\"elementor-shape-fill\" opacity=\"0.33\" d=\"M473,67.3c-203.9,88.3-263.1-34-320.3,0C66,119.1,0,59.7,0,59.7V0h1000v59.7 c0,0-62.1,26.1-94.9,29.3c-32.8,3.3-62.8-12.3-75.8-22.1C806,49.6,745.3,8.7,694.9,4.7S492.4,59,473,67.3z\"\/>\n\t<path class=\"elementor-shape-fill\" opacity=\"0.66\" d=\"M734,67.3c-45.5,0-77.2-23.2-129.1-39.1c-28.6-8.7-150.3-10.1-254,39.1 s-91.7-34.4-149.2,0C115.7,118.3,0,39.8,0,39.8V0h1000v36.5c0,0-28.2-18.5-92.1-18.5C810.2,18.1,775.7,67.3,734,67.3z\"\/>\n\t<path class=\"elementor-shape-fill\" d=\"M766.1,28.9c-200-57.5-266,65.5-395.1,19.5C242,1.8,242,5.4,184.8,20.6C128,35.8,132.3,44.9,89.9,52.5C28.6,63.7,0,0,0,0 h1000c0,0-9.9,40.9-83.6,48.1S829.6,47,766.1,28.9z\"\/>\n<\/svg>\t\t<\/div>\n\t\t\t\t\t<div class=\"elementor-container elementor-column-gap-default\">\n\t\t\t\t\t<div class=\"elementor-column elementor-col-100 elementor-top-column elementor-element elementor-element-4300785\" data-id=\"4300785\" data-element_type=\"column\" data-e-type=\"column\">\n\t\t\t<div class=\"elementor-widget-wrap elementor-element-populated\">\n\t\t\t\t\t\t<div class=\"elementor-element elementor-element-2c1c551 elementor-widget-tablet__width-initial elementor-widget-mobile__width-initial elementor-widget elementor-widget-text-editor\" data-id=\"2c1c551\" data-element_type=\"widget\" data-e-type=\"widget\" data-widget_type=\"text-editor.default\">\n\t\t\t\t<div class=\"elementor-widget-container\">\n\t\t\t\t\t\t\t\t\t<p class=\"cvGsUA direction-ltr align-justify para-style-body\">Les membres des diff\u00e9rents sous-groupes th\u00e9matiques r\u00e9alisent conjointement les analyses de contextes, les plans d\u2019actions sous forme d\u2019agenda de paix et les renforcements des capacit\u00e9s.<\/p><p class=\"cvGsUA direction-ltr align-justify para-style-body\">Le groupe de travail est une cr\u00e9ation du Bureau de Soutien pour r\u00e9pondre aux d\u00e9fis par rapport \u00e0 l\u2019identification des approches qui r\u00e9pondent de mani\u00e8re efficace et durable aux enjeux des consolidation de la Paix en R\u00e9publique D\u00e9mocratique du Congo.<\/p><p class=\"cvGsUA direction-ltr align-justify para-style-body\">Cette d\u00e9marche a permis de renforcer les capacit\u00e9s, la mutualisation des efforts et la connexion des efforts des acteurs de paix du niveau local, au niveau provincial et national.<\/p><p class=\"cvGsUA direction-ltr align-justify para-style-body\">Et \u00e0 travers Peace Direct (partenaire strat\u00e9gique et privil\u00e9gi\u00e9), relayer ses efforts locaux de paix \u00e0 travers les plaidoyers au niveau international.<\/p>\t\t\t\t\t\t\t\t<\/div>\n\t\t\t\t<\/div>\n\t\t\t\t\t<\/div>\n\t\t<\/div>\n\t\t\t\t\t<\/div>\n\t\t<\/section>\n\t\t\t\t<section class=\"elementor-section elementor-top-section elementor-element elementor-element-jogmuik elementor-section-boxed elementor-section-height-default elementor-section-height-default wpr-particle-no wpr-sticky-section-no wpr-equal-height-no\" data-id=\"jogmuik\" data-element_type=\"section\" data-e-type=\"section\" data-settings=\"{&quot;background_background&quot;:&quot;classic&quot;}\">\n\t\t\t\t\t\t<div class=\"elementor-container elementor-column-gap-no\">\n\t\t\t\t\t<div class=\"elementor-column elementor-col-100 elementor-top-column elementor-element elementor-element-8fe0f73\" data-id=\"8fe0f73\" data-element_type=\"column\" data-e-type=\"column\">\n\t\t\t<div class=\"elementor-widget-wrap elementor-element-populated\">\n\t\t\t\t\t\t<div class=\"elementor-element elementor-element-08a6141 elementor-widget__width-inherit elementor-widget elementor-widget-heading\" data-id=\"08a6141\" data-element_type=\"widget\" data-e-type=\"widget\" data-widget_type=\"heading.default\">\n\t\t\t\t<div class=\"elementor-widget-container\">\n\t\t\t\t\t<h2 class=\"elementor-heading-title elementor-size-default\">III. Programme inspire de l\u2019apprentissage des acteurs locaux de paix en provinces du Nord-Kivu, Sud-Kivu et Ituri<\/h2>\t\t\t\t<\/div>\n\t\t\t\t<\/div>\n\t\t\t\t<div class=\"elementor-element elementor-element-e1d02d4 elementor-widget-mobile__width-initial elementor-widget elementor-widget-text-editor\" data-id=\"e1d02d4\" data-element_type=\"widget\" data-e-type=\"widget\" data-widget_type=\"text-editor.default\">\n\t\t\t\t<div class=\"elementor-widget-container\">\n\t\t\t\t\t\t\t\t\t<p>L\u2019agenda du Bureau de Soutien durant la p\u00e9riode couvrant 2024-2029 pose de bases \u00e0 partir de l\u2019apprentissage, des pratiques de durabilit\u00e9 et innovantes pour les perspectives de paix bas\u00e9es sur l\u2019exp\u00e9rience des acteurs locaux de paix engag\u00e9s pour la paix durable en province du Nord-Kivu, Sud-Kivu et l\u2019Ituri.<\/p><p>Le processus d\u2019apprentissage a permis de partager des connaissances entre les acteurs locaux de paix travaillant dans des contextes affect\u00e9s par les conflits, les pratiques, les d\u00e9fis et la mani\u00e8re dont ils ont \u00e9t\u00e9 surmont\u00e9s, affermir l\u2019engagement et le renforcement du r\u00e9seau des acteurs locaux de paix.<\/p><p>Dans ce processus, le Bureau de Soutien a jou\u00e9 le r\u00f4le de facilitateur pour renforcer les capacit\u00e9s des membres des groupes de travail. Toutefois, il faut reconnaitre que ces initiatives ont eu plus d\u2019impact au niveau des territoires sur les questions de paix, mais avec capacit\u00e9 limit\u00e9e de relayer les questions de plaidoyer au niveau provincial, national et international. Ce qui n\u00e9cessite la connexion de ces efforts des acteurs locaux de paix au niveau provincial, national, r\u00e9gional et m\u00eame international le cas \u00e9ch\u00e9ant.<\/p><p>Le perspective actuelle ouvre les opportunit\u00e9s \u00e0 la prise en compte \u00e0 l\u2019approche Triple Nexus (Humanitaire, D\u00e9veloppement et Paix), la sensibilit\u00e9 aux conflits et la consolidation de la paix comme approche tenant compte de la Localisation, la d\u00e9colonisation, la r\u00e9silience organisationnelle, la protection des acteurs locaux, etc., Ces approches sont porteuses de changement dans le contexte de fragilit\u00e9 et atrocit\u00e9 persistante en RDC.<\/p><p><span class=\"OYPEnA text-decoration-none text-strikethrough-none\" style=\"color: #000000;\">D\u2019o\u00f9, la pertinence du programme de\u00a0<\/span><span class=\"OYPEnA text-decoration-none text-strikethrough-none\" style=\"letter-spacing: 0px; color: #000000;\">\u00ab <\/span><span class=\"OYPEnA text-decoration-none text-strikethrough-none\" style=\"letter-spacing: 0px; color: #000000; font-weight: bold;\">Renforcement de la r\u00e9silience et des capacit\u00e9s locales pour la paix en provinces du Nord-Kivu, Sud-Kivu et de l\u2019Ituri<\/span><span class=\"OYPEnA text-decoration-none text-strikethrough-none\" style=\"letter-spacing: 0px; color: #000000;\"> \u00bb. Ce programme a pour objectif d\u2019am\u00e9liorer les capacit\u00e9s d\u2019intervention et la r\u00e9silience des acteurs locaux paix, pour cr\u00e9er un environnement propice au processus de paix durable en R\u00e9publique D\u00e9mocratique du Congo \u00e0 partir de la base.<\/span><\/p><p>Il vise \u00e0 travailler avec les acteurs locaux de paix en vue d\u2019identifier et de traiter les facteurs locaux de conflit, mais \u00e9galement les opportunit\u00e9s de paix pour le renforcement de la confiance et la pr\u00e9vention des violences fond\u00e9es sur les besoins d\u2019inclusion des communaut\u00e9s.<\/p><p>Ce programme propose de renforcer les capacit\u00e9s structurelles et organisationnelles des acteurs locaux de paix, de formation, dialogue, plaidoyer, d\u2019\u00e9laboration des plans d\u2019action communautaires pour la consolidation de la paix, de conduite des initiatives locales de paix par le biais des petites subventions flexibles, les journ\u00e9es de r\u00e9flexion de paix, le soutien \u00e0 l\u2019inclusion des femmes, des jeunes et des groupes marginalis\u00e9s au processus de paix, les apprentissages sur les initiatives locales de paix, etc.<\/p>\t\t\t\t\t\t\t\t<\/div>\n\t\t\t\t<\/div>\n\t\t\t\t\t<\/div>\n\t\t<\/div>\n\t\t\t\t\t<\/div>\n\t\t<\/section>\n\t\t\t\t<section class=\"elementor-section elementor-top-section elementor-element elementor-element-o5t2ebb elementor-section-content-middle elementor-section-boxed elementor-section-height-default elementor-section-height-default wpr-particle-no wpr-sticky-section-no wpr-equal-height-no\" data-id=\"o5t2ebb\" data-element_type=\"section\" data-e-type=\"section\" data-settings=\"{&quot;background_background&quot;:&quot;classic&quot;}\">\n\t\t\t\t\t\t<div class=\"elementor-container elementor-column-gap-no\">\n\t\t\t\t\t<div class=\"elementor-column elementor-col-100 elementor-top-column elementor-element elementor-element-41e9b6b\" data-id=\"41e9b6b\" data-element_type=\"column\" data-e-type=\"column\">\n\t\t\t<div class=\"elementor-widget-wrap elementor-element-populated\">\n\t\t\t\t\t\t<section class=\"elementor-section elementor-inner-section elementor-element elementor-element-6e17311 elementor-section-boxed elementor-section-height-default elementor-section-height-default wpr-particle-no wpr-sticky-section-no wpr-equal-height-no\" data-id=\"6e17311\" data-element_type=\"section\" data-e-type=\"section\">\n\t\t\t\t\t\t<div class=\"elementor-container elementor-column-gap-default\">\n\t\t\t\t\t<div class=\"elementor-column elementor-col-50 elementor-inner-column elementor-element elementor-element-9d74b08\" data-id=\"9d74b08\" data-element_type=\"column\" data-e-type=\"column\" data-settings=\"{&quot;background_background&quot;:&quot;classic&quot;}\">\n\t\t\t<div class=\"elementor-widget-wrap elementor-element-populated\">\n\t\t\t\t\t<div class=\"elementor-background-overlay\"><\/div>\n\t\t\t\t\t\t<div class=\"elementor-element elementor-element-6120432 elementor-widget elementor-widget-icon-box\" data-id=\"6120432\" data-element_type=\"widget\" data-e-type=\"widget\" data-widget_type=\"icon-box.default\">\n\t\t\t\t<div class=\"elementor-widget-container\">\n\t\t\t\t\t\t\t<div class=\"elementor-icon-box-wrapper\">\n\n\t\t\t\n\t\t\t\t\t\t<div class=\"elementor-icon-box-content\">\n\n\t\t\t\t\t\t\t\t\t<h3 class=\"elementor-icon-box-title\">\n\t\t\t\t\t\t<span  >\n\t\t\t\t\t\t\tGroupes cibles directs \t\t\t\t\t\t<\/span>\n\t\t\t\t\t<\/h3>\n\t\t\t\t\n\t\t\t\t\t\t\t\t\t<p class=\"elementor-icon-box-description\">\n\t\t\t\t\t\tCette action vise \u00e0 atteindre d\u2019une part 25 groupes de travail (22 groupes de travail territoriale ajout\u00e9s de 3 groupes de travail provincial) constitu\u00e9s de 625 membres en provinces du Nord-Kivu, Sud-Kivu et de l\u2019Ituri. Les Groupes de travail provincial qui sont des forums f\u00e9d\u00e9rateurs d\u2019acteurs locaux de paix d\u00e9nomm\u00e9s \u00ab Groupes de Travail Paix et S\u00e9curit\u00e9 \u00bb dans ces 3 provinces.\t\t\t\t\t<\/p>\n\t\t\t\t\n\t\t\t<\/div>\n\t\t\t\n\t\t<\/div>\n\t\t\t\t\t\t<\/div>\n\t\t\t\t<\/div>\n\t\t\t\t\t<\/div>\n\t\t<\/div>\n\t\t\t\t<div class=\"elementor-column elementor-col-50 elementor-inner-column elementor-element elementor-element-45b9857\" data-id=\"45b9857\" data-element_type=\"column\" data-e-type=\"column\" data-settings=\"{&quot;background_background&quot;:&quot;classic&quot;}\">\n\t\t\t<div class=\"elementor-widget-wrap elementor-element-populated\">\n\t\t\t\t\t<div class=\"elementor-background-overlay\"><\/div>\n\t\t\t\t\t\t<div class=\"elementor-element elementor-element-c9a095d elementor-widget elementor-widget-icon-box\" data-id=\"c9a095d\" data-element_type=\"widget\" data-e-type=\"widget\" data-widget_type=\"icon-box.default\">\n\t\t\t\t<div class=\"elementor-widget-container\">\n\t\t\t\t\t\t\t<div class=\"elementor-icon-box-wrapper\">\n\n\t\t\t\n\t\t\t\t\t\t<div class=\"elementor-icon-box-content\">\n\n\t\t\t\t\t\t\t\t\t<h3 class=\"elementor-icon-box-title\">\n\t\t\t\t\t\t<span  >\n\t\t\t\t\t\t\tGroupes cibles indirects \t\t\t\t\t\t<\/span>\n\t\t\t\t\t<\/h3>\n\t\t\t\t\n\t\t\t\t\t\t\t\t\t<p class=\"elementor-icon-box-description\">\n\t\t\t\t\t\t500 repr\u00e9sentants des autorit\u00e9s et leaders locaux et provinciaux, 5000 membres des communaut\u00e9s participants aux activit\u00e9s.\nLes b\u00e9n\u00e9ficiaires finaux de l\u2019action sont estim\u00e9s \u00e0 10. 000 personnes par zone de couverture de groupe de travail des acteurs locaux au niveau de chacun de 22 territoires cibl\u00e9s. Soit environ 200 000 membres des communaut\u00e9s affect\u00e9es par le conflit pour chaque territoire cibl\u00e9 par ce plan.\t\t\t\t\t<\/p>\n\t\t\t\t\n\t\t\t<\/div>\n\t\t\t\n\t\t<\/div>\n\t\t\t\t\t\t<\/div>\n\t\t\t\t<\/div>\n\t\t\t\t\t<\/div>\n\t\t<\/div>\n\t\t\t\t\t<\/div>\n\t\t<\/section>\n\t\t\t\t\t<\/div>\n\t\t<\/div>\n\t\t\t\t\t<\/div>\n\t\t<\/section>\n\t\t<div class=\"elementor-element elementor-element-cdee146 e-flex e-con-boxed wpr-particle-no wpr-sticky-section-no wpr-equal-height-no e-con e-parent\" data-id=\"cdee146\" data-element_type=\"container\" data-e-type=\"container\">\n\t\t\t\t\t<div class=\"e-con-inner\">\n\t\t\t\t<div class=\"elementor-element elementor-element-a7d82d7 elementor-widget elementor-widget-heading\" data-id=\"a7d82d7\" data-element_type=\"widget\" data-e-type=\"widget\" data-widget_type=\"heading.default\">\n\t\t\t\t<div class=\"elementor-widget-container\">\n\t\t\t\t\t<h2 class=\"elementor-heading-title elementor-size-default\">3.1.  Objectif et resultats du programme<\/h2>\t\t\t\t<\/div>\n\t\t\t\t<\/div>\n\t\t\t\t<div class=\"elementor-element elementor-element-691cbd0 elementor-widget-mobile__width-initial elementor-widget elementor-widget-text-editor\" data-id=\"691cbd0\" data-element_type=\"widget\" data-e-type=\"widget\" data-widget_type=\"text-editor.default\">\n\t\t\t\t<div class=\"elementor-widget-container\">\n\t\t\t\t\t\t\t\t\t<p><span class=\"OYPEnA text-decoration-underline text-strikethrough-none\"><b><u>Objectif g\u00e9n\u00e9ral <\/u><\/b><\/span><span class=\"OYPEnA text-strikethrough-none text-decoration-none\">: am\u00e9liorer les capacit\u00e9s d\u2019intervention et la r\u00e9silience des acteurs locaux paix, pour cr\u00e9er un environnement propice au processus de paix durable en R\u00e9publique D\u00e9mocratique du Congo.<\/span><\/p>\t\t\t\t\t\t\t\t<\/div>\n\t\t\t\t<\/div>\n\t\t\t\t\t<\/div>\n\t\t\t\t<\/div>\n\t\t\t\t<section class=\"elementor-section elementor-top-section elementor-element elementor-element-v210r95 elementor-section-content-middle elementor-section-boxed elementor-section-height-default elementor-section-height-default wpr-particle-no wpr-sticky-section-no wpr-equal-height-no\" data-id=\"v210r95\" data-element_type=\"section\" data-e-type=\"section\" data-settings=\"{&quot;background_background&quot;:&quot;classic&quot;,&quot;shape_divider_bottom&quot;:&quot;arrow&quot;}\">\n\t\t\t\t\t\t\t<div class=\"elementor-background-overlay\"><\/div>\n\t\t\t\t\t\t<div class=\"elementor-shape elementor-shape-bottom\" aria-hidden=\"true\" data-negative=\"false\">\n\t\t\t<svg xmlns=\"http:\/\/www.w3.org\/2000\/svg\" viewBox=\"0 0 700 10\" preserveAspectRatio=\"none\">\n\t<path class=\"elementor-shape-fill\" d=\"M350,10L340,0h20L350,10z\"\/>\n<\/svg>\t\t<\/div>\n\t\t\t\t\t<div class=\"elementor-container elementor-column-gap-no\">\n\t\t\t\t\t<div class=\"elementor-column elementor-col-33 elementor-top-column elementor-element elementor-element-2fe83d4\" data-id=\"2fe83d4\" data-element_type=\"column\" data-e-type=\"column\">\n\t\t\t<div class=\"elementor-widget-wrap elementor-element-populated\">\n\t\t\t\t\t\t<div class=\"elementor-element elementor-element-7904552 elementor-widget elementor-widget-image\" data-id=\"7904552\" data-element_type=\"widget\" data-e-type=\"widget\" data-widget_type=\"image.default\">\n\t\t\t\t<div class=\"elementor-widget-container\">\n\t\t\t\t\t\t\t\t\t\t\t\t\t\t\t<img loading=\"lazy\" decoding=\"async\" width=\"870\" height=\"599\" src=\"https:\/\/bureaudesoutien.org\/wp-content\/uploads\/2023\/11\/IMG-20231017-WA0014.jpg\" class=\"attachment-full size-full wp-image-771\" alt=\"Resultat attendu 1\" srcset=\"https:\/\/bureaudesoutien.org\/wp-content\/uploads\/2023\/11\/IMG-20231017-WA0014.jpg 870w, https:\/\/bureaudesoutien.org\/wp-content\/uploads\/2023\/11\/IMG-20231017-WA0014-300x207.jpg 300w, https:\/\/bureaudesoutien.org\/wp-content\/uploads\/2023\/11\/IMG-20231017-WA0014-768x529.jpg 768w, https:\/\/bureaudesoutien.org\/wp-content\/uploads\/2023\/11\/IMG-20231017-WA0014-18x12.jpg 18w, https:\/\/bureaudesoutien.org\/wp-content\/uploads\/2023\/11\/IMG-20231017-WA0014-600x413.jpg 600w\" sizes=\"(max-width: 870px) 100vw, 870px\" \/>\t\t\t\t\t\t\t\t\t\t\t\t\t\t\t<\/div>\n\t\t\t\t<\/div>\n\t\t\t\t<div class=\"elementor-element elementor-element-dbc52d1 elementor-widget elementor-widget-heading\" data-id=\"dbc52d1\" data-element_type=\"widget\" data-e-type=\"widget\" data-widget_type=\"heading.default\">\n\t\t\t\t<div class=\"elementor-widget-container\">\n\t\t\t\t\t<h3 class=\"elementor-heading-title elementor-size-default\">R\u00e9sultat Attendu 1 <\/h3>\t\t\t\t<\/div>\n\t\t\t\t<\/div>\n\t\t\t\t<div class=\"elementor-element elementor-element-948ae46 elementor-widget elementor-widget-text-editor\" data-id=\"948ae46\" data-element_type=\"widget\" data-e-type=\"widget\" data-widget_type=\"text-editor.default\">\n\t\t\t\t<div class=\"elementor-widget-container\">\n\t\t\t\t\t\t\t\t\t<p><span class=\"OYPEnA text-decoration-none text-strikethrough-none\">Les acteurs locaux de paix locaux, y compris les autorit\u00e9s et les leaders sont mieux et \u00e0 m\u00eame de mettre en \u0153uvre un dialogue inclusif et fond\u00e9 sur les besoins des initiatives de renforcement de la confiance et de pr\u00e9vention de la violence.<\/span><\/p>\t\t\t\t\t\t\t\t<\/div>\n\t\t\t\t<\/div>\n\t\t\t\t\t<\/div>\n\t\t<\/div>\n\t\t\t\t<div class=\"elementor-column elementor-col-33 elementor-top-column elementor-element elementor-element-7c492c6\" data-id=\"7c492c6\" data-element_type=\"column\" data-e-type=\"column\">\n\t\t\t<div class=\"elementor-widget-wrap elementor-element-populated\">\n\t\t\t\t\t\t<div class=\"elementor-element elementor-element-501a0b7 elementor-widget elementor-widget-image\" data-id=\"501a0b7\" data-element_type=\"widget\" data-e-type=\"widget\" data-widget_type=\"image.default\">\n\t\t\t\t<div class=\"elementor-widget-container\">\n\t\t\t\t\t\t\t\t\t\t\t\t\t\t\t<img loading=\"lazy\" decoding=\"async\" width=\"1024\" height=\"432\" src=\"https:\/\/bureaudesoutien.org\/wp-content\/uploads\/2023\/11\/IMG-20231017-WA0015.jpg\" class=\"attachment-full size-full wp-image-772\" alt=\"Resultat Attendu 2\" srcset=\"https:\/\/bureaudesoutien.org\/wp-content\/uploads\/2023\/11\/IMG-20231017-WA0015.jpg 1024w, https:\/\/bureaudesoutien.org\/wp-content\/uploads\/2023\/11\/IMG-20231017-WA0015-300x127.jpg 300w, https:\/\/bureaudesoutien.org\/wp-content\/uploads\/2023\/11\/IMG-20231017-WA0015-768x324.jpg 768w, https:\/\/bureaudesoutien.org\/wp-content\/uploads\/2023\/11\/IMG-20231017-WA0015-18x8.jpg 18w, https:\/\/bureaudesoutien.org\/wp-content\/uploads\/2023\/11\/IMG-20231017-WA0015-600x253.jpg 600w\" sizes=\"(max-width: 1024px) 100vw, 1024px\" \/>\t\t\t\t\t\t\t\t\t\t\t\t\t\t\t<\/div>\n\t\t\t\t<\/div>\n\t\t\t\t<div class=\"elementor-element elementor-element-81bbcf5 elementor-widget elementor-widget-heading\" data-id=\"81bbcf5\" data-element_type=\"widget\" data-e-type=\"widget\" data-widget_type=\"heading.default\">\n\t\t\t\t<div class=\"elementor-widget-container\">\n\t\t\t\t\t<h3 class=\"elementor-heading-title elementor-size-default\">R\u00e9sultat Attendu 2 <\/h3>\t\t\t\t<\/div>\n\t\t\t\t<\/div>\n\t\t\t\t<div class=\"elementor-element elementor-element-a83a2af elementor-widget elementor-widget-text-editor\" data-id=\"a83a2af\" data-element_type=\"widget\" data-e-type=\"widget\" data-widget_type=\"text-editor.default\">\n\t\t\t\t<div class=\"elementor-widget-container\">\n\t\t\t\t\t\t\t\t\t<p><span class=\"OYPEnA text-decoration-none text-strikethrough-none\">Les communaut\u00e9s touch\u00e9es par le conflit en particulier les groupes marginalis\u00e9s y compris les ex-combattants acc\u00e8dent et participent aux initiatives de dialogue local, de renforcement de la confiance et de pr\u00e9vention de la violence.<\/span><\/p>\t\t\t\t\t\t\t\t<\/div>\n\t\t\t\t<\/div>\n\t\t\t\t\t<\/div>\n\t\t<\/div>\n\t\t\t\t<div class=\"elementor-column elementor-col-33 elementor-top-column elementor-element elementor-element-49af9cc\" data-id=\"49af9cc\" data-element_type=\"column\" data-e-type=\"column\">\n\t\t\t<div class=\"elementor-widget-wrap elementor-element-populated\">\n\t\t\t\t\t\t<div class=\"elementor-element elementor-element-f1d9a42 elementor-widget elementor-widget-image\" data-id=\"f1d9a42\" data-element_type=\"widget\" data-e-type=\"widget\" data-widget_type=\"image.default\">\n\t\t\t\t<div class=\"elementor-widget-container\">\n\t\t\t\t\t\t\t\t\t\t\t\t\t\t\t<img loading=\"lazy\" decoding=\"async\" width=\"668\" height=\"744\" src=\"https:\/\/bureaudesoutien.org\/wp-content\/uploads\/2023\/11\/IMG-20231017-WA0016.jpg\" class=\"attachment-full size-full wp-image-773\" alt=\"Resultat Attendu 3\" srcset=\"https:\/\/bureaudesoutien.org\/wp-content\/uploads\/2023\/11\/IMG-20231017-WA0016.jpg 668w, https:\/\/bureaudesoutien.org\/wp-content\/uploads\/2023\/11\/IMG-20231017-WA0016-269x300.jpg 269w, https:\/\/bureaudesoutien.org\/wp-content\/uploads\/2023\/11\/IMG-20231017-WA0016-11x12.jpg 11w, https:\/\/bureaudesoutien.org\/wp-content\/uploads\/2023\/11\/IMG-20231017-WA0016-600x668.jpg 600w\" sizes=\"(max-width: 668px) 100vw, 668px\" \/>\t\t\t\t\t\t\t\t\t\t\t\t\t\t\t<\/div>\n\t\t\t\t<\/div>\n\t\t\t\t<div class=\"elementor-element elementor-element-dd24a6c elementor-widget elementor-widget-heading\" data-id=\"dd24a6c\" data-element_type=\"widget\" data-e-type=\"widget\" data-widget_type=\"heading.default\">\n\t\t\t\t<div class=\"elementor-widget-container\">\n\t\t\t\t\t<h3 class=\"elementor-heading-title elementor-size-default\">R\u00e9sultat Attendu 3 <\/h3>\t\t\t\t<\/div>\n\t\t\t\t<\/div>\n\t\t\t\t<div class=\"elementor-element elementor-element-1d40486 elementor-widget elementor-widget-text-editor\" data-id=\"1d40486\" data-element_type=\"widget\" data-e-type=\"widget\" data-widget_type=\"text-editor.default\">\n\t\t\t\t<div class=\"elementor-widget-container\">\n\t\t\t\t\t\t\t\t\t<p><span class=\"OYPEnA text-decoration-none text-strikethrough-none\">Les acteurs locaux de paix, travaillent avec les acteurs humanitaires et de d\u00e9veloppement pour plus de coh\u00e9rence, coordination et compl\u00e9mentarit\u00e9.<\/span><\/p>\t\t\t\t\t\t\t\t<\/div>\n\t\t\t\t<\/div>\n\t\t\t\t\t<\/div>\n\t\t<\/div>\n\t\t\t\t\t<\/div>\n\t\t<\/section>\n\t\t\t\t<section class=\"elementor-section elementor-top-section elementor-element elementor-element-qbyosep elementor-section-content-top elementor-section-boxed elementor-section-height-default elementor-section-height-default wpr-particle-no wpr-sticky-section-no wpr-equal-height-no\" data-id=\"qbyosep\" data-element_type=\"section\" data-e-type=\"section\" data-settings=\"{&quot;background_background&quot;:&quot;classic&quot;,&quot;shape_divider_bottom&quot;:&quot;mountains&quot;}\">\n\t\t\t\t\t\t\t<div class=\"elementor-background-overlay\"><\/div>\n\t\t\t\t\t\t<div class=\"elementor-shape elementor-shape-bottom\" aria-hidden=\"true\" data-negative=\"false\">\n\t\t\t<svg xmlns=\"http:\/\/www.w3.org\/2000\/svg\" viewBox=\"0 0 1000 100\" preserveAspectRatio=\"none\">\n\t<path class=\"elementor-shape-fill\" opacity=\"0.33\" d=\"M473,67.3c-203.9,88.3-263.1-34-320.3,0C66,119.1,0,59.7,0,59.7V0h1000v59.7 c0,0-62.1,26.1-94.9,29.3c-32.8,3.3-62.8-12.3-75.8-22.1C806,49.6,745.3,8.7,694.9,4.7S492.4,59,473,67.3z\"\/>\n\t<path class=\"elementor-shape-fill\" opacity=\"0.66\" d=\"M734,67.3c-45.5,0-77.2-23.2-129.1-39.1c-28.6-8.7-150.3-10.1-254,39.1 s-91.7-34.4-149.2,0C115.7,118.3,0,39.8,0,39.8V0h1000v36.5c0,0-28.2-18.5-92.1-18.5C810.2,18.1,775.7,67.3,734,67.3z\"\/>\n\t<path class=\"elementor-shape-fill\" d=\"M766.1,28.9c-200-57.5-266,65.5-395.1,19.5C242,1.8,242,5.4,184.8,20.6C128,35.8,132.3,44.9,89.9,52.5C28.6,63.7,0,0,0,0 h1000c0,0-9.9,40.9-83.6,48.1S829.6,47,766.1,28.9z\"\/>\n<\/svg>\t\t<\/div>\n\t\t\t\t\t<div class=\"elementor-container elementor-column-gap-no\">\n\t\t\t\t\t<div class=\"elementor-column elementor-col-100 elementor-top-column elementor-element elementor-element-51e9076\" data-id=\"51e9076\" data-element_type=\"column\" data-e-type=\"column\">\n\t\t\t<div class=\"elementor-widget-wrap elementor-element-populated\">\n\t\t\t\t\t\t<div class=\"elementor-element elementor-element-bfa6d99 elementor-widget elementor-widget-heading\" data-id=\"bfa6d99\" data-element_type=\"widget\" data-e-type=\"widget\" data-widget_type=\"heading.default\">\n\t\t\t\t<div class=\"elementor-widget-container\">\n\t\t\t\t\t<h2 class=\"elementor-heading-title elementor-size-default\">3.2 La theorie de changement <\/h2>\t\t\t\t<\/div>\n\t\t\t\t<\/div>\n\t\t\t\t<div class=\"elementor-element elementor-element-0f5bf2e elementor-widget-mobile__width-initial elementor-widget elementor-widget-text-editor\" data-id=\"0f5bf2e\" data-element_type=\"widget\" data-e-type=\"widget\" data-widget_type=\"text-editor.default\">\n\t\t\t\t<div class=\"elementor-widget-container\">\n\t\t\t\t\t\t\t\t\t<p><span class=\"OYPEnA text-decoration-none text-strikethrough-none\">La th\u00e9orie de changement du Programme de Renforcement de la r\u00e9silience et des capacit\u00e9s locales pour la paix en provinces du Nord-Kivu, Sud-Kivu et Ituri est d\u00e9crite comme suit :<\/span><\/p>\t\t\t\t\t\t\t\t<\/div>\n\t\t\t\t<\/div>\n\t\t\t\t<section class=\"elementor-section elementor-inner-section elementor-element elementor-element-ee4d600 elementor-section-boxed elementor-section-height-default elementor-section-height-default wpr-particle-no wpr-sticky-section-no wpr-equal-height-no\" data-id=\"ee4d600\" data-element_type=\"section\" data-e-type=\"section\">\n\t\t\t\t\t\t<div class=\"elementor-container elementor-column-gap-default\">\n\t\t\t\t\t<div class=\"elementor-column elementor-col-100 elementor-inner-column elementor-element elementor-element-d6daa70\" data-id=\"d6daa70\" data-element_type=\"column\" data-e-type=\"column\">\n\t\t\t<div class=\"elementor-widget-wrap elementor-element-populated\">\n\t\t\t\t\t\t<div class=\"elementor-element elementor-element-27912c3 elementor-widget-mobile__width-initial elementor-vertical-align-top elementor-widget elementor-widget-image-box\" data-id=\"27912c3\" data-element_type=\"widget\" data-e-type=\"widget\" data-widget_type=\"image-box.default\">\n\t\t\t\t<div class=\"elementor-widget-container\">\n\t\t\t\t\t<div class=\"elementor-image-box-wrapper\"><div class=\"elementor-image-box-content\"><h5 class=\"elementor-image-box-title\">I. Situation actuelle<\/h5><p class=\"elementor-image-box-description\">La R\u00e9publique D\u00e9mocratique du Congo est confront\u00e9e \u00e0 des conflits violents et r\u00e9currents dans les provinces du Nord-Kivu, Sud-Kivu et Ituri. Les acteurs locaux de paix manquent de capacit\u00e9s structurelles et organisationnelles pour intervenir efficacement et r\u00e9soudre les conflits de mani\u00e8re non violente.<\/p><\/div><\/div>\t\t\t\t<\/div>\n\t\t\t\t<\/div>\n\t\t\t\t<div class=\"elementor-element elementor-element-f9e3301 elementor-widget-mobile__width-initial elementor-vertical-align-top elementor-widget elementor-widget-image-box\" data-id=\"f9e3301\" data-element_type=\"widget\" data-e-type=\"widget\" data-widget_type=\"image-box.default\">\n\t\t\t\t<div class=\"elementor-widget-container\">\n\t\t\t\t\t<div class=\"elementor-image-box-wrapper\"><div class=\"elementor-image-box-content\"><h5 class=\"elementor-image-box-title\">II. Hypoth\u00e8se de base<\/h5><p class=\"elementor-image-box-description\">En renfor\u00e7ant les capacit\u00e9s des acteurs locaux de paix et en favorisant leur engagement dans des dialogues inclusifs, des plaidoyers et des initiatives communautaires, il est possible de cr\u00e9er un environnement favorable \u00e0 un processus de paix durable.<\/p><\/div><\/div>\t\t\t\t<\/div>\n\t\t\t\t<\/div>\n\t\t\t\t<div class=\"elementor-element elementor-element-2946abe elementor-vertical-align-top elementor-widget elementor-widget-image-box\" data-id=\"2946abe\" data-element_type=\"widget\" data-e-type=\"widget\" data-widget_type=\"image-box.default\">\n\t\t\t\t<div class=\"elementor-widget-container\">\n\t\t\t\t\t<div class=\"elementor-image-box-wrapper\"><div class=\"elementor-image-box-content\"><h5 class=\"elementor-image-box-title\">III.  M\u00e9canismes de changement<\/h5><p class=\"elementor-image-box-description\"><b><u>Renforcement<\/u> des capacit\u00e9s structurelles et organisationnelles:<\/b> Le programme vise \u00e0 renforcer les capacit\u00e9s des acteurs locaux de paix en leur fournissant une formation et un soutien technique. Cela leur permettra d'\u00eatre mieux pr\u00e9par\u00e9s \u00e0 mettre en \u0153uvre des dialogues inclusifs et fond\u00e9s sur les besoins, ainsi que des initiatives de renforcement de la confiance et de pr\u00e9vention de la violence. <br> <br>\n\n<b><u>Inclusion des communaut\u00e9s marginalis\u00e9es:<\/u><\/b> Le programme met l'accent sur l'inclusion des femmes et des groupes marginalis\u00e9s, y compris les ex-combattants, dans les initiatives de dialogue local et de pr\u00e9vention de la violence. Cela permettra aux communaut\u00e9s touch\u00e9es par le conflit d'acc\u00e9der et de participer activement \u00e0 ces initiatives, renfor\u00e7ant ainsi leur r\u00e9silience et leur capacit\u00e9 \u00e0 r\u00e9soudre les conflits de mani\u00e8re non violente. <br> <br>\n\n<b><u>Collaboration entre acteurs locaux de paix, humanitaires et de d\u00e9veloppement:<\/u><\/b> Le programme encourage la collaboration et la coordination entre les acteurs locaux de paix, les acteurs humanitaires et les acteurs de d\u00e9veloppement. Cela favorisera une approche coh\u00e9rente, coordonn\u00e9e et compl\u00e9mentaire dans la r\u00e9solution des conflits et la consolidation de la paix. <\/p><\/div><\/div>\t\t\t\t<\/div>\n\t\t\t\t<\/div>\n\t\t\t\t<div class=\"elementor-element elementor-element-4dbdb73 elementor-vertical-align-top elementor-widget elementor-widget-image-box\" data-id=\"4dbdb73\" data-element_type=\"widget\" data-e-type=\"widget\" data-widget_type=\"image-box.default\">\n\t\t\t\t<div class=\"elementor-widget-container\">\n\t\t\t\t\t<div class=\"elementor-image-box-wrapper\"><div class=\"elementor-image-box-content\"><h5 class=\"elementor-image-box-title\">IV.  R\u00e9sultats attendus<\/h5><p class=\"elementor-image-box-description\">Les acteurs locaux de paix sont mieux pr\u00e9par\u00e9s \u00e0 mettre en \u0153uvre des dialogues inclusifs et des initiatives de renforcement de la confiance et de pr\u00e9vention de la violence. <br> <br>\n\nLes communaut\u00e9s touch\u00e9es par le conflit, y compris les groupes marginalis\u00e9s, acc\u00e8dent et participent activement aux initiatives de dialogue local et de pr\u00e9vention de la violence. <br> <br>\n\nLes acteurs locaux de paix collaborent avec les acteurs humanitaires et de d\u00e9veloppement pour une approche coh\u00e9rente, coordonn\u00e9e et compl\u00e9mentaire dans la r\u00e9solution des conflits.<\/p><\/div><\/div>\t\t\t\t<\/div>\n\t\t\t\t<\/div>\n\t\t\t\t<div class=\"elementor-element elementor-element-b377a88 elementor-vertical-align-top elementor-widget elementor-widget-image-box\" data-id=\"b377a88\" data-element_type=\"widget\" data-e-type=\"widget\" data-widget_type=\"image-box.default\">\n\t\t\t\t<div class=\"elementor-widget-container\">\n\t\t\t\t\t<div class=\"elementor-image-box-wrapper\"><div class=\"elementor-image-box-content\"><h5 class=\"elementor-image-box-title\">V. Changement attendu<\/h5><\/div><\/div>\t\t\t\t<\/div>\n\t\t\t\t<\/div>\n\t\t\t\t<div class=\"elementor-element elementor-element-fef682e elementor-widget elementor-widget-text-editor\" data-id=\"fef682e\" data-element_type=\"widget\" data-e-type=\"widget\" data-widget_type=\"text-editor.default\">\n\t\t\t\t<div class=\"elementor-widget-container\">\n\t\t\t\t\t\t\t\t\t<p><span class=\"OYPEnA text-decoration-none text-strikethrough-none\">En renfor\u00e7ant les capacit\u00e9s des acteurs locaux de paix, en favorisant l&#8217;inclusion des communaut\u00e9s dans la r\u00e9solution des conflits et en encourageant la collaboration entre les acteurs locaux, humanitaires et de d\u00e9veloppement, le programme contribuera \u00e0 cr\u00e9er un environnement favorable \u00e0 un processus de paix durable en R\u00e9publique d\u00e9mocratique du Congo. Cela permettra de r\u00e9duire la violence, de renforcer la confiance entre les communaut\u00e9s et d&#8217;encourager des solutions pacifiques aux conflits.<\/span><\/p>\t\t\t\t\t\t\t\t<\/div>\n\t\t\t\t<\/div>\n\t\t\t\t\t<\/div>\n\t\t<\/div>\n\t\t\t\t\t<\/div>\n\t\t<\/section>\n\t\t\t\t\t<\/div>\n\t\t<\/div>\n\t\t\t\t\t<\/div>\n\t\t<\/section>\n\t\t\t\t<section class=\"elementor-section elementor-top-section elementor-element elementor-element-bjr2337 elementor-section-boxed elementor-section-height-default elementor-section-height-default wpr-particle-no wpr-sticky-section-no wpr-equal-height-no\" data-id=\"bjr2337\" data-element_type=\"section\" data-e-type=\"section\" data-settings=\"{&quot;background_background&quot;:&quot;classic&quot;}\">\n\t\t\t\t\t\t\t<div class=\"elementor-background-overlay\"><\/div>\n\t\t\t\t\t\t\t<div class=\"elementor-container elementor-column-gap-default\">\n\t\t\t\t\t<div class=\"elementor-column elementor-col-100 elementor-top-column elementor-element elementor-element-78af2ff\" data-id=\"78af2ff\" data-element_type=\"column\" data-e-type=\"column\">\n\t\t\t<div class=\"elementor-widget-wrap elementor-element-populated\">\n\t\t\t\t\t\t<div class=\"elementor-element elementor-element-58ba8f4 elementor-widget elementor-widget-heading\" data-id=\"58ba8f4\" data-element_type=\"widget\" data-e-type=\"widget\" data-widget_type=\"heading.default\">\n\t\t\t\t<div class=\"elementor-widget-container\">\n\t\t\t\t\t<h1 class=\"elementor-heading-title elementor-size-default\">DONNEZ DU POUVOIR AUX ACTEURS LOCAUX DE PAIX<\/h1>\t\t\t\t<\/div>\n\t\t\t\t<\/div>\n\t\t\t\t<div class=\"elementor-element elementor-element-97cc7d6 elementor-widget elementor-widget-text-editor\" data-id=\"97cc7d6\" data-element_type=\"widget\" data-e-type=\"widget\" data-widget_type=\"text-editor.default\">\n\t\t\t\t<div class=\"elementor-widget-container\">\n\t\t\t\t\t\t\t\t\tEnsemble, nous pouvons mettre fin \u00e0 la violence et construire un avenir meilleur pour la RDC\t\t\t\t\t\t\t\t<\/div>\n\t\t\t\t<\/div>\n\t\t\t\t<div class=\"elementor-element elementor-element-c4c3581 elementor-align-center elementor-widget elementor-widget-button\" data-id=\"c4c3581\" data-element_type=\"widget\" data-e-type=\"widget\" data-widget_type=\"button.default\">\n\t\t\t\t<div class=\"elementor-widget-container\">\n\t\t\t\t\t\t\t\t\t<div class=\"elementor-button-wrapper\">\n\t\t\t\t\t<a class=\"elementor-button elementor-button-link elementor-size-md\" href=\"https:\/\/bureaudesoutien.org\/donations\/formulaire-de-don\/\" target=\"_blank\">\n\t\t\t\t\t\t<span class=\"elementor-button-content-wrapper\">\n\t\t\t\t\t\t<span class=\"elementor-button-icon\">\n\t\t\t\t<svg aria-hidden=\"true\" class=\"e-font-icon-svg e-fas-arrow-right\" viewBox=\"0 0 448 512\" xmlns=\"http:\/\/www.w3.org\/2000\/svg\"><path d=\"M190.5 66.9l22.2-22.2c9.4-9.4 24.6-9.4 33.9 0L441 239c9.4 9.4 9.4 24.6 0 33.9L246.6 467.3c-9.4 9.4-24.6 9.4-33.9 0l-22.2-22.2c-9.5-9.5-9.3-25 .4-34.3L311.4 296H24c-13.3 0-24-10.7-24-24v-32c0-13.3 10.7-24 24-24h287.4L190.9 101.2c-9.8-9.3-10-24.8-.4-34.3z\"><\/path><\/svg>\t\t\t<\/span>\n\t\t\t\t\t\t\t\t\t<span class=\"elementor-button-text\">Faire un don maintenant<\/span>\n\t\t\t\t\t<\/span>\n\t\t\t\t\t<\/a>\n\t\t\t\t<\/div>\n\t\t\t\t\t\t\t\t<\/div>\n\t\t\t\t<\/div>\n\t\t\t\t\t<\/div>\n\t\t<\/div>\n\t\t\t\t\t<\/div>\n\t\t<\/section>\n\t\t\t\t<section class=\"elementor-section elementor-top-section elementor-element elementor-element-10c5cc602 elementor-section-boxed elementor-section-height-default elementor-section-height-default wpr-particle-no wpr-sticky-section-no wpr-equal-height-no\" data-id=\"10c5cc602\" data-element_type=\"section\" data-e-type=\"section\" data-settings=\"{&quot;background_background&quot;:&quot;classic&quot;}\">\n\t\t\t\t\t\t<div class=\"elementor-container elementor-column-gap-default\">\n\t\t\t\t\t<div class=\"elementor-column elementor-col-100 elementor-top-column elementor-element elementor-element-2d632122\" data-id=\"2d632122\" data-element_type=\"column\" data-e-type=\"column\">\n\t\t\t<div class=\"elementor-widget-wrap elementor-element-populated\">\n\t\t\t\t\t\t<div class=\"elementor-element elementor-element-49f43d62 wpr-grid-columns-3 wpr-grid-columns--tablet2 wpr-grid-columns--mobile1 wpr-grid-pagination-center wpr-item-styles-inner elementor-widget elementor-widget-wpr-grid\" data-id=\"49f43d62\" data-element_type=\"widget\" data-e-type=\"widget\" data-widget_type=\"wpr-grid.default\">\n\t\t\t\t<div class=\"elementor-widget-container\">\n\t\t\t\t\t<ul class=\"wpr-grid-filters elementor-clearfix wpr-grid-filters-sep-right\"><li class=\" wpr-pointer-none wpr-pointer-line-fx wpr-pointer-fx-none\"><span  data-filter=\"*\" class=\"wpr-grid-filters-item wpr-active-filter \">All<\/span><em class=\"wpr-grid-filters-sep\"><\/em><\/li><li class=\" wpr-pointer-none wpr-pointer-line-fx wpr-pointer-fx-none\"><span   data-ajax-filter=[\"category\",\"blog\"]  data-filter=\".category-blog\">Blog<\/span><em class=\"wpr-grid-filters-sep\"><\/em><\/li><\/ul><section class=\"wpr-grid elementor-clearfix\" data-settings=\"{&quot;layout&quot;:&quot;fitRows&quot;,&quot;stick_last_element_to_bottom&quot;:&quot;&quot;,&quot;columns_desktop&quot;:&quot;3&quot;,&quot;gutter_hr&quot;:15,&quot;gutter_hr_mobile&quot;:15,&quot;gutter_hr_mobile_extra&quot;:15,&quot;gutter_hr_tablet&quot;:15,&quot;gutter_hr_tablet_extra&quot;:15,&quot;gutter_hr_laptop&quot;:15,&quot;gutter_hr_widescreen&quot;:15,&quot;gutter_vr&quot;:15,&quot;gutter_vr_mobile&quot;:15,&quot;gutter_vr_mobile_extra&quot;:15,&quot;gutter_vr_tablet&quot;:15,&quot;gutter_vr_tablet_extra&quot;:15,&quot;gutter_vr_laptop&quot;:15,&quot;gutter_vr_widescreen&quot;:15,&quot;animation&quot;:&quot;fade&quot;,&quot;animation_duration&quot;:0.4,&quot;animation_delay&quot;:0.2,&quot;deeplinking&quot;:&quot;&quot;,&quot;filters_linkable&quot;:&quot;no&quot;,&quot;filters_default_filter&quot;:&quot;&quot;,&quot;filters_count&quot;:&quot;&quot;,&quot;filters_hide_empty&quot;:&quot;yes&quot;,&quot;filters_animation&quot;:&quot;default&quot;,&quot;filters_animation_duration&quot;:0.4,&quot;filters_animation_delay&quot;:0.2,&quot;pagination_type&quot;:&quot;load-more&quot;,&quot;pagination_max_pages&quot;:7,&quot;lightbox&quot;:{&quot;selector&quot;:&quot;.wpr-grid-image-wrap&quot;,&quot;iframeMaxWidth&quot;:&quot;60%&quot;,&quot;hash&quot;:false,&quot;autoplay&quot;:&quot;true&quot;,&quot;pause&quot;:5000,&quot;progressBar&quot;:&quot;true&quot;,&quot;counter&quot;:&quot;true&quot;,&quot;controls&quot;:&quot;true&quot;,&quot;getCaptionFromTitleOrAlt&quot;:&quot;true&quot;,&quot;thumbnail&quot;:&quot;&quot;,&quot;showThumbByDefault&quot;:&quot;&quot;,&quot;share&quot;:&quot;&quot;,&quot;zoom&quot;:&quot;true&quot;,&quot;fullScreen&quot;:&quot;true&quot;,&quot;download&quot;:&quot;true&quot;}}\" data-advanced-filters=\"no\"><article class=\"wpr-grid-item elementor-clearfix post-1681 post type-post status-publish format-standard has-post-thumbnail hentry category-blog tag-congo tag-goma tag-m23 tag-rdc tag-violence\"><div class=\"wpr-grid-item-inner\"><div class=\"wpr-grid-item-above-content elementor-clearfix\"><h2 class=\"wpr-grid-item-title elementor-repeater-item-04b0433 wpr-grid-item-display-block wpr-grid-item-align-left wpr-pointer-none wpr-pointer-line-fx wpr-pointer-fx-fade\"><div class=\"inner-block\"><a target=\"_self\"  href=\"https:\/\/bureaudesoutien.org\/fr\/goma-sos-pour-mettre-fin-aux-conflits-violents\/\">Goma, SOS Pour Mettre Fin Aux Conflits Violents<\/a><\/div><\/h2><\/div><div class=\"wpr-grid-media-wrap wpr-effect-size-medium \" data-overlay-link=\"yes\"><div class=\"wpr-grid-image-wrap\" data-src=\"https:\/\/bureaudesoutien.org\/wp-content\/uploads\/2025\/03\/Goma-300x169.jpg\" data-img-on-hover=\"\"  data-src-secondary=\"\"><img decoding=\"async\" data-no-lazy=\"1\" src=\"https:\/\/bureaudesoutien.org\/wp-content\/uploads\/2025\/03\/Goma-300x169.jpg\" alt=\"Goma, SOS Pour Mettre Fin Aux Conflits Violents\" class=\"wpr-anim-timing-ease-default\"><\/div><div class=\"wpr-grid-media-hover wpr-animation-wrap\"><div class=\"wpr-grid-media-hover-bg  wpr-overlay-fade-in wpr-anim-size-large wpr-anim-timing-ease-default wpr-anim-transparency\" data-url=\"https:\/\/bureaudesoutien.org\/fr\/goma-sos-pour-mettre-fin-aux-conflits-violents\/\"><\/div><div class=\"wpr-cv-container\"><div class=\"wpr-cv-outer\"><div class=\"wpr-cv-inner\"><div class=\"wpr-grid-media-hover-middle elementor-clearfix\"><div class=\"wpr-grid-item-lightbox elementor-repeater-item-8944abd wpr-grid-item-display-block wpr-grid-item-align-center wpr-element-fade-in wpr-anim-size-large wpr-anim-timing-ease-default wpr-anim-transparency\"><div class=\"inner-block\"><span data-src=\"https:\/\/bureaudesoutien.org\/wp-content\/uploads\/2025\/03\/Goma.jpg\"><i class=\"fas fa-search\"><\/i><\/span><div class=\"wpr-grid-lightbox-overlay\"><\/div><\/div><\/div><\/div><\/div><\/div><\/div><\/div><\/div><div class=\"wpr-grid-item-below-content elementor-clearfix\"><div class=\"wpr-grid-item-category elementor-repeater-item-66ca227 wpr-grid-item-display-block wpr-grid-item-align-left wpr-pointer-none wpr-pointer-line-fx wpr-pointer-fx-fade wpr-grid-tax-style-1\"><div class=\"inner-block\"><a class=\" wpr-tax-id-1\" href=\"https:\/\/bureaudesoutien.org\/fr\/category\/blog\/\">Blog<\/a><\/div><\/div><div class=\"wpr-grid-item-excerpt elementor-repeater-item-5241605 wpr-grid-item-display-block wpr-grid-item-align-left\"><div class=\"inner-block\"><p>Sommaire La situation \u00e0 Goma, en R\u00e9publique d\u00e9mocratique du Congo, est en effet alarmante et pr\u00e9occupante en raison des affrontements...<\/p><\/div><\/div><div class=\"wpr-grid-item-read-more elementor-repeater-item-dc1027d wpr-grid-item-display-block wpr-grid-item-align-left\"><div class=\"inner-block\"><a target=\"_self\" href=\"https:\/\/bureaudesoutien.org\/fr\/goma-sos-pour-mettre-fin-aux-conflits-violents\/\" class=\"wpr-button-effect wpr-button-none\"><span class=\"wpr-grid-extra-icon-left\"><svg aria-hidden=\"true\" class=\"e-font-icon-svg e-fas-external-link-alt\" viewBox=\"0 0 512 512\" xmlns=\"http:\/\/www.w3.org\/2000\/svg\"><path d=\"M432,320H400a16,16,0,0,0-16,16V448H64V128H208a16,16,0,0,0,16-16V80a16,16,0,0,0-16-16H48A48,48,0,0,0,0,112V464a48,48,0,0,0,48,48H400a48,48,0,0,0,48-48V336A16,16,0,0,0,432,320ZM488,0h-128c-21.37,0-32.05,25.91-17,41l35.73,35.73L135,320.37a24,24,0,0,0,0,34L157.67,377a24,24,0,0,0,34,0L435.28,133.32,471,169c15,15,41,4.5,41-17V24A24,24,0,0,0,488,0Z\"><\/path><\/svg><\/span><span>Read Full Story...<\/span><\/a><\/div><\/div><\/div><\/div><\/article><article class=\"wpr-grid-item elementor-clearfix post-1677 post type-post status-publish format-standard has-post-thumbnail hentry category-blog\"><div class=\"wpr-grid-item-inner\"><div class=\"wpr-grid-item-above-content elementor-clearfix\"><h2 class=\"wpr-grid-item-title elementor-repeater-item-04b0433 wpr-grid-item-display-block wpr-grid-item-align-left wpr-pointer-none wpr-pointer-line-fx wpr-pointer-fx-fade\"><div class=\"inner-block\"><a target=\"_self\"  href=\"https:\/\/bureaudesoutien.org\/fr\/rutshuru-lutter-contre-linegalite-entre-les-hommes-et-les-femmes-en-matiere-dheritage\/\">Rutshuru : Lutter contre l\u2019in\u00e9galit\u00e9 entre les hommes et les femmes en mati\u00e8re d\u2019h\u00e9ritage<\/a><\/div><\/h2><\/div><div class=\"wpr-grid-media-wrap wpr-effect-size-medium \" data-overlay-link=\"yes\"><div class=\"wpr-grid-image-wrap\" data-src=\"https:\/\/bureaudesoutien.org\/wp-content\/uploads\/2025\/02\/Rutchuru-1-300x169.jpg\" data-img-on-hover=\"\"  data-src-secondary=\"\"><img decoding=\"async\" data-no-lazy=\"1\" src=\"https:\/\/bureaudesoutien.org\/wp-content\/uploads\/2025\/02\/Rutchuru-1-300x169.jpg\" alt=\"Rutshuru : Lutter contre l\u2019in\u00e9galit\u00e9 entre les hommes et les femmes en mati\u00e8re d\u2019h\u00e9ritage\" class=\"wpr-anim-timing-ease-default\"><\/div><div class=\"wpr-grid-media-hover wpr-animation-wrap\"><div class=\"wpr-grid-media-hover-bg  wpr-overlay-fade-in wpr-anim-size-large wpr-anim-timing-ease-default wpr-anim-transparency\" data-url=\"https:\/\/bureaudesoutien.org\/fr\/rutshuru-lutter-contre-linegalite-entre-les-hommes-et-les-femmes-en-matiere-dheritage\/\"><\/div><div class=\"wpr-cv-container\"><div class=\"wpr-cv-outer\"><div class=\"wpr-cv-inner\"><div class=\"wpr-grid-media-hover-middle elementor-clearfix\"><div class=\"wpr-grid-item-lightbox elementor-repeater-item-8944abd wpr-grid-item-display-block wpr-grid-item-align-center wpr-element-fade-in wpr-anim-size-large wpr-anim-timing-ease-default wpr-anim-transparency\"><div class=\"inner-block\"><span data-src=\"https:\/\/bureaudesoutien.org\/wp-content\/uploads\/2025\/02\/Rutchuru-1.jpg\"><i class=\"fas fa-search\"><\/i><\/span><div class=\"wpr-grid-lightbox-overlay\"><\/div><\/div><\/div><\/div><\/div><\/div><\/div><\/div><\/div><div class=\"wpr-grid-item-below-content elementor-clearfix\"><div class=\"wpr-grid-item-category elementor-repeater-item-66ca227 wpr-grid-item-display-block wpr-grid-item-align-left wpr-pointer-none wpr-pointer-line-fx wpr-pointer-fx-fade wpr-grid-tax-style-1\"><div class=\"inner-block\"><a class=\" wpr-tax-id-1\" href=\"https:\/\/bureaudesoutien.org\/fr\/category\/blog\/\">Blog<\/a><\/div><\/div><div class=\"wpr-grid-item-excerpt elementor-repeater-item-5241605 wpr-grid-item-display-block wpr-grid-item-align-left\"><div class=\"inner-block\"><p>R\u00e9sum\u00e9 L&#8217;in\u00e9galit\u00e9 entre les hommes et les femmes en mati\u00e8re d&#8217;h\u00e9ritage \u00e0 Rutshuru est un probl\u00e8me urgent qui nuit non...<\/p><\/div><\/div><div class=\"wpr-grid-item-read-more elementor-repeater-item-dc1027d wpr-grid-item-display-block wpr-grid-item-align-left\"><div class=\"inner-block\"><a target=\"_self\" href=\"https:\/\/bureaudesoutien.org\/fr\/rutshuru-lutter-contre-linegalite-entre-les-hommes-et-les-femmes-en-matiere-dheritage\/\" class=\"wpr-button-effect wpr-button-none\"><span class=\"wpr-grid-extra-icon-left\"><svg aria-hidden=\"true\" class=\"e-font-icon-svg e-fas-external-link-alt\" viewBox=\"0 0 512 512\" xmlns=\"http:\/\/www.w3.org\/2000\/svg\"><path d=\"M432,320H400a16,16,0,0,0-16,16V448H64V128H208a16,16,0,0,0,16-16V80a16,16,0,0,0-16-16H48A48,48,0,0,0,0,112V464a48,48,0,0,0,48,48H400a48,48,0,0,0,48-48V336A16,16,0,0,0,432,320ZM488,0h-128c-21.37,0-32.05,25.91-17,41l35.73,35.73L135,320.37a24,24,0,0,0,0,34L157.67,377a24,24,0,0,0,34,0L435.28,133.32,471,169c15,15,41,4.5,41-17V24A24,24,0,0,0,488,0Z\"><\/path><\/svg><\/span><span>Read Full Story...<\/span><\/a><\/div><\/div><\/div><\/div><\/article><article class=\"wpr-grid-item elementor-clearfix post-1673 post type-post status-publish format-standard has-post-thumbnail hentry category-blog\"><div class=\"wpr-grid-item-inner\"><div class=\"wpr-grid-item-above-content elementor-clearfix\"><h2 class=\"wpr-grid-item-title elementor-repeater-item-04b0433 wpr-grid-item-display-block wpr-grid-item-align-left wpr-pointer-none wpr-pointer-line-fx wpr-pointer-fx-fade\"><div class=\"inner-block\"><a target=\"_self\"  href=\"https:\/\/bureaudesoutien.org\/fr\/promouvoir-linnovation-pour-le-developpement-economique-durable-au-sein-de-la-sadc\/\">Promouvoir L&#8217;innovation Pour le D\u00e9veloppement \u00c9conomique Durable au Sein de la SADC<\/a><\/div><\/h2><\/div><div class=\"wpr-grid-media-wrap wpr-effect-size-medium \" data-overlay-link=\"yes\"><div class=\"wpr-grid-image-wrap\" data-src=\"https:\/\/bureaudesoutien.org\/wp-content\/uploads\/2025\/02\/Promouvoir-Linnovation-Pour-le-Developpement-Economique--300x169.jpg\" data-img-on-hover=\"\"  data-src-secondary=\"\"><img decoding=\"async\" data-no-lazy=\"1\" src=\"https:\/\/bureaudesoutien.org\/wp-content\/uploads\/2025\/02\/Promouvoir-Linnovation-Pour-le-Developpement-Economique--300x169.jpg\" alt=\"Promouvoir L&#8217;innovation Pour le D\u00e9veloppement \u00c9conomique Durable au Sein de la SADC\" class=\"wpr-anim-timing-ease-default\"><\/div><div class=\"wpr-grid-media-hover wpr-animation-wrap\"><div class=\"wpr-grid-media-hover-bg  wpr-overlay-fade-in wpr-anim-size-large wpr-anim-timing-ease-default wpr-anim-transparency\" data-url=\"https:\/\/bureaudesoutien.org\/fr\/promouvoir-linnovation-pour-le-developpement-economique-durable-au-sein-de-la-sadc\/\"><\/div><div class=\"wpr-cv-container\"><div class=\"wpr-cv-outer\"><div class=\"wpr-cv-inner\"><div class=\"wpr-grid-media-hover-middle elementor-clearfix\"><div class=\"wpr-grid-item-lightbox elementor-repeater-item-8944abd wpr-grid-item-display-block wpr-grid-item-align-center wpr-element-fade-in wpr-anim-size-large wpr-anim-timing-ease-default wpr-anim-transparency\"><div class=\"inner-block\"><span data-src=\"https:\/\/bureaudesoutien.org\/wp-content\/uploads\/2025\/02\/Promouvoir-Linnovation-Pour-le-Developpement-Economique-.jpg\"><i class=\"fas fa-search\"><\/i><\/span><div class=\"wpr-grid-lightbox-overlay\"><\/div><\/div><\/div><\/div><\/div><\/div><\/div><\/div><\/div><div class=\"wpr-grid-item-below-content elementor-clearfix\"><div class=\"wpr-grid-item-category elementor-repeater-item-66ca227 wpr-grid-item-display-block wpr-grid-item-align-left wpr-pointer-none wpr-pointer-line-fx wpr-pointer-fx-fade wpr-grid-tax-style-1\"><div class=\"inner-block\"><a class=\" wpr-tax-id-1\" href=\"https:\/\/bureaudesoutien.org\/fr\/category\/blog\/\">Blog<\/a><\/div><\/div><div class=\"wpr-grid-item-excerpt elementor-repeater-item-5241605 wpr-grid-item-display-block wpr-grid-item-align-left\"><div class=\"inner-block\"><p>R\u00e9sum\u00e9 La SADC doit donner la priorit\u00e9 \u00e0 l\u2019innovation pour stimuler une croissance \u00e9conomique et une industrialisation durables. Face aux...<\/p><\/div><\/div><div class=\"wpr-grid-item-read-more elementor-repeater-item-dc1027d wpr-grid-item-display-block wpr-grid-item-align-left\"><div class=\"inner-block\"><a target=\"_self\" href=\"https:\/\/bureaudesoutien.org\/fr\/promouvoir-linnovation-pour-le-developpement-economique-durable-au-sein-de-la-sadc\/\" class=\"wpr-button-effect wpr-button-none\"><span class=\"wpr-grid-extra-icon-left\"><svg aria-hidden=\"true\" class=\"e-font-icon-svg e-fas-external-link-alt\" viewBox=\"0 0 512 512\" xmlns=\"http:\/\/www.w3.org\/2000\/svg\"><path d=\"M432,320H400a16,16,0,0,0-16,16V448H64V128H208a16,16,0,0,0,16-16V80a16,16,0,0,0-16-16H48A48,48,0,0,0,0,112V464a48,48,0,0,0,48,48H400a48,48,0,0,0,48-48V336A16,16,0,0,0,432,320ZM488,0h-128c-21.37,0-32.05,25.91-17,41l35.73,35.73L135,320.37a24,24,0,0,0,0,34L157.67,377a24,24,0,0,0,34,0L435.28,133.32,471,169c15,15,41,4.5,41-17V24A24,24,0,0,0,488,0Z\"><\/path><\/svg><\/span><span>Read Full Story...<\/span><\/a><\/div><\/div><\/div><\/div><\/article><article class=\"wpr-grid-item elementor-clearfix post-1670 post type-post status-publish format-standard has-post-thumbnail hentry category-blog\"><div class=\"wpr-grid-item-inner\"><div class=\"wpr-grid-item-above-content elementor-clearfix\"><h2 class=\"wpr-grid-item-title elementor-repeater-item-04b0433 wpr-grid-item-display-block wpr-grid-item-align-left wpr-pointer-none wpr-pointer-line-fx wpr-pointer-fx-fade\"><div class=\"inner-block\"><a target=\"_self\"  href=\"https:\/\/bureaudesoutien.org\/fr\/urgence-vitale-stopper-lexploitation-illicite-des-minerais-en-rdc-pour-sauver-des-vies\/\">Urgence vitale : Stopper l&#8217;exploitation illicite des minerais en RDC pour sauver des vies<\/a><\/div><\/h2><\/div><div class=\"wpr-grid-media-wrap wpr-effect-size-medium \" data-overlay-link=\"yes\"><div class=\"wpr-grid-image-wrap\" data-src=\"https:\/\/bureaudesoutien.org\/wp-content\/uploads\/2025\/02\/Minerais-en-RDC-300x169.jpg\" data-img-on-hover=\"\"  data-src-secondary=\"\"><img decoding=\"async\" data-no-lazy=\"1\" src=\"https:\/\/bureaudesoutien.org\/wp-content\/uploads\/2025\/02\/Minerais-en-RDC-300x169.jpg\" alt=\"Urgence vitale : Stopper l&#8217;exploitation illicite des minerais en RDC pour sauver des vies\" class=\"wpr-anim-timing-ease-default\"><\/div><div class=\"wpr-grid-media-hover wpr-animation-wrap\"><div class=\"wpr-grid-media-hover-bg  wpr-overlay-fade-in wpr-anim-size-large wpr-anim-timing-ease-default wpr-anim-transparency\" data-url=\"https:\/\/bureaudesoutien.org\/fr\/urgence-vitale-stopper-lexploitation-illicite-des-minerais-en-rdc-pour-sauver-des-vies\/\"><\/div><div class=\"wpr-cv-container\"><div class=\"wpr-cv-outer\"><div class=\"wpr-cv-inner\"><div class=\"wpr-grid-media-hover-middle elementor-clearfix\"><div class=\"wpr-grid-item-lightbox elementor-repeater-item-8944abd wpr-grid-item-display-block wpr-grid-item-align-center wpr-element-fade-in wpr-anim-size-large wpr-anim-timing-ease-default wpr-anim-transparency\"><div class=\"inner-block\"><span data-src=\"https:\/\/bureaudesoutien.org\/wp-content\/uploads\/2025\/02\/Minerais-en-RDC.jpg\"><i class=\"fas fa-search\"><\/i><\/span><div class=\"wpr-grid-lightbox-overlay\"><\/div><\/div><\/div><\/div><\/div><\/div><\/div><\/div><\/div><div class=\"wpr-grid-item-below-content elementor-clearfix\"><div class=\"wpr-grid-item-category elementor-repeater-item-66ca227 wpr-grid-item-display-block wpr-grid-item-align-left wpr-pointer-none wpr-pointer-line-fx wpr-pointer-fx-fade wpr-grid-tax-style-1\"><div class=\"inner-block\"><a class=\" wpr-tax-id-1\" href=\"https:\/\/bureaudesoutien.org\/fr\/category\/blog\/\">Blog<\/a><\/div><\/div><div class=\"wpr-grid-item-excerpt elementor-repeater-item-5241605 wpr-grid-item-display-block wpr-grid-item-align-left\"><div class=\"inner-block\"><p>R\u00e9sum\u00e9 L&#8217;exploitation illicite des minerais fait tuer des millions de personnes en R\u00e9publique d\u00e9mocratique du Congo (RDC). L&#8217;exploitation illicite des...<\/p><\/div><\/div><div class=\"wpr-grid-item-read-more elementor-repeater-item-dc1027d wpr-grid-item-display-block wpr-grid-item-align-left\"><div class=\"inner-block\"><a target=\"_self\" href=\"https:\/\/bureaudesoutien.org\/fr\/urgence-vitale-stopper-lexploitation-illicite-des-minerais-en-rdc-pour-sauver-des-vies\/\" class=\"wpr-button-effect wpr-button-none\"><span class=\"wpr-grid-extra-icon-left\"><svg aria-hidden=\"true\" class=\"e-font-icon-svg e-fas-external-link-alt\" viewBox=\"0 0 512 512\" xmlns=\"http:\/\/www.w3.org\/2000\/svg\"><path d=\"M432,320H400a16,16,0,0,0-16,16V448H64V128H208a16,16,0,0,0,16-16V80a16,16,0,0,0-16-16H48A48,48,0,0,0,0,112V464a48,48,0,0,0,48,48H400a48,48,0,0,0,48-48V336A16,16,0,0,0,432,320ZM488,0h-128c-21.37,0-32.05,25.91-17,41l35.73,35.73L135,320.37a24,24,0,0,0,0,34L157.67,377a24,24,0,0,0,34,0L435.28,133.32,471,169c15,15,41,4.5,41-17V24A24,24,0,0,0,488,0Z\"><\/path><\/svg><\/span><span>Read Full Story...<\/span><\/a><\/div><\/div><\/div><\/div><\/article><\/section><div class=\"wpr-grid-pagination elementor-clearfix wpr-grid-pagination-load-more\" data-pages=\"7\"><a href=\"https:\/\/bureaudesoutien.org\/fr\/wp-json\/wp\/v2\/pages\/606\/page\/2\/\" class=\"wpr-load-more-btn\" data-e-disable-page-transition >Load More<\/a><div class=\"wpr-pagination-loading\"><div class=\"wpr-double-bounce\"><div class=\"wpr-child wpr-double-bounce1\"><\/div><div class=\"wpr-child wpr-double-bounce2\"><\/div><\/div><\/div><p class=\"wpr-pagination-finish\">End of Content.<\/p><\/div>\t\t\t\t<\/div>\n\t\t\t\t<\/div>\n\t\t\t\t\t<\/div>\n\t\t<\/div>\n\t\t\t\t\t<\/div>\n\t\t<\/section>\n\t\t\t\t<\/div>\n\t\t","protected":false},"excerpt":{"rendered":"<p>PLAN STRAT\u00c9GIQUE DU BUREAU DE SOUTIEN 2024 &#8211; 2029 I. Presentation succincte de l\u2019approche du Bureau de Soutien Le Bureau de Soutien travaille pour r\u00e9habiliter et valoriser le r\u00f4le des acteurs locaux de paix dans la construction d\u2019une paix durable en R\u00e9publique d\u00e9mocratique du Congo. NOTRE VISION Notre vision est de rechercher des solutions durables \u00e0 l&#8217;instabilit\u00e9 chronique qui s\u00e9vit dans le pays. NOS OBJECTIFS Renforcer les capacit\u00e9s des acteurs locaux de paix. Accro\u00eetre la cr\u00e9dibilit\u00e9, la viabilit\u00e9, la coh\u00e9sion et la r\u00e9silience des acteurs locaux. \u00a0 Contribuer \u00e0 la construction d&#8217;une paix durable en RDC. NOTRE DEVISE Ensemble, nous pouvons cr\u00e9er un avenir pacifique et prosp\u00e8re ! Le Bureau de Soutien travaille en partenariat avec Peace Direct pour poser des bases de la Paix durable en RDC. L\u2019engagement des acteurs locaux de paix s\u2019est d\u00e9montr\u00e9 comme un pas vers le chemin de la paix durable. Ces derniers sont des t\u00e9moins positifs qui ont v\u00e9cu les atrocit\u00e9s et le chao instaur\u00e9 depuis plus de 30 ans. Depuis 2015, le programme de soutien aux acteurs des paix a d\u00e9montr\u00e9 des potentiels et d\u2019innovations d\u2019entamer le processus de paix en RDC en mettant en avant les exp\u00e9riences, les atouts et engagement des acteurs locaux de Paix (une approche Bottom Up) et en lieu et place des approches Top down). Le Bureau de Soutien a trouv\u00e9 la pertinence de valoriser cet apprentissage pour innover les actions \u00e0 mettre en place pour la paix durable en R\u00e9publique D\u00e9mocratique du Congo. La consultation avec 22 groupes de travail r\u00e9unissant 550 acteurs locaux de paix a permis de ressortir le changement le plus significatif en termes d\u2019initiatives locales pour la paix durable en provinces du Nord Kivu, Sud-Kivu et Ituri.\u00a0 L\u2019\u00e9tablissement des groupes de travails des acteurs locaux de paix a jou\u00e9 un r\u00f4le important dans la conduite des analyses participatives du contexte de conflits, suivi de l\u2019\u00e9volution des atrocit\u00e9s et l\u2019\u00e9laboration des plans locaux de priorit\u00e9s de paix des entit\u00e9s couvertes par les activit\u00e9s de Groupe de travail. Le Groupe de travail sont forums des acteurs locaux de paix constitu\u00e9 en sous-groupes th\u00e9matiques pour analyse et d\u00e9veloppement des priorit\u00e9s de paix (agenda de paix) au niveau local. Ces priorit\u00e9s de paix servent de support par lesquels les groupes de travail conduisent des actions des dialogues d\u00e9mocratiques intra et intercommunautaires, sous forme des plaidoyers multi-acteurs pour la paix aupr\u00e8s des autorit\u00e9s politico administratives et autres d\u00e9cideurs, \u00e0 la sensibilisation \u00e0 la coh\u00e9sion sociale ou la cohabitation pacifique, etc. II. Approche de mutualisation des efforts des acteurs locaux de paix Le Groupe de Travail est une approche de mutualisation des efforts des acteurs locaux de paix qui travaillent ensemble pour l\u2019agenda de paix de l\u2019entit\u00e9 g\u00e9ographique couverte par leurs interventions. Pour plus d\u2019efficacit\u00e9, les Groupes de travail sont connect\u00e9s \u00e0 partir des entit\u00e9s locales(territoires), au niveau provincial et national qui sont des entit\u00e9s de relais et de prises de d\u00e9cisions pour ce qui concerne les dialogues et plaidoyer pour la Paix durable en R\u00e9publique D\u00e9mocratique du Congo. Chaque Groupe de Travail des acteurs locaux de paix est structur\u00e9 en 4 sous-groupes th\u00e9matiques par rapport aux centres d&#8217;int\u00e9r\u00eat qui rencontrent les domaines d\u2019interventions des acteurs locaux de paix \u00e0 savoir : Gestion des conflits: Pr\u00e9vention des violences intercommunautaires, r\u00e9solution pacifique des conflits et r\u00e9conciliation. DDRR\/CBR: Pr\u00e9vention d&#8217; utilisation de jeunes au sein des groupes arm\u00e9s, d\u00e9sarmement, d\u00e9mobilisation et la r\u00e9int\u00e9gration \u00e0 base communautaire. Gouvernance locale: Gouvernance, dialogues entre gouvern\u00e9s et gouvernants. Genre: Genre, autonomisation \u00e9conomique des femmes et leadership des femmes, r\u00e9habilitation des statuts des femmes et masculinit\u00e9 positives. Les membres des diff\u00e9rents sous-groupes th\u00e9matiques r\u00e9alisent conjointement les analyses de contextes, les plans d\u2019actions sous forme d\u2019agenda de paix et les renforcements des capacit\u00e9s. Le groupe de travail est une cr\u00e9ation du Bureau de Soutien pour r\u00e9pondre aux d\u00e9fis par rapport \u00e0 l\u2019identification des approches qui r\u00e9pondent de mani\u00e8re efficace et durable aux enjeux des consolidation de la Paix en R\u00e9publique D\u00e9mocratique du Congo. Cette d\u00e9marche a permis de renforcer les capacit\u00e9s, la mutualisation des efforts et la connexion des efforts des acteurs de paix du niveau local, au niveau provincial et national. Et \u00e0 travers Peace Direct (partenaire strat\u00e9gique et privil\u00e9gi\u00e9), relayer ses efforts locaux de paix \u00e0 travers les plaidoyers au niveau international. III. Programme inspire de l\u2019apprentissage des acteurs locaux de paix en provinces du Nord-Kivu, Sud-Kivu et Ituri L\u2019agenda du Bureau de Soutien durant la p\u00e9riode couvrant 2024-2029 pose de bases \u00e0 partir de l\u2019apprentissage, des pratiques de durabilit\u00e9 et innovantes pour les perspectives de paix bas\u00e9es sur l\u2019exp\u00e9rience des acteurs locaux de paix engag\u00e9s pour la paix durable en province du Nord-Kivu, Sud-Kivu et l\u2019Ituri. Le processus d\u2019apprentissage a permis de partager des connaissances entre les acteurs locaux de paix travaillant dans des contextes affect\u00e9s par les conflits, les pratiques, les d\u00e9fis et la mani\u00e8re dont ils ont \u00e9t\u00e9 surmont\u00e9s, affermir l\u2019engagement et le renforcement du r\u00e9seau des acteurs locaux de paix. Dans ce processus, le Bureau de Soutien a jou\u00e9 le r\u00f4le de facilitateur pour renforcer les capacit\u00e9s des membres des groupes de travail. Toutefois, il faut reconnaitre que ces initiatives ont eu plus d\u2019impact au niveau des territoires sur les questions de paix, mais avec capacit\u00e9 limit\u00e9e de relayer les questions de plaidoyer au niveau provincial, national et international. Ce qui n\u00e9cessite la connexion de ces efforts des acteurs locaux de paix au niveau provincial, national, r\u00e9gional et m\u00eame international le cas \u00e9ch\u00e9ant. Le perspective actuelle ouvre les opportunit\u00e9s \u00e0 la prise en compte \u00e0 l\u2019approche Triple Nexus (Humanitaire, D\u00e9veloppement et Paix), la sensibilit\u00e9 aux conflits et la consolidation de la paix comme approche tenant compte de la Localisation, la d\u00e9colonisation, la r\u00e9silience organisationnelle, la protection des acteurs locaux, etc., Ces approches sont porteuses de changement dans le contexte de fragilit\u00e9 et atrocit\u00e9 persistante en RDC. D\u2019o\u00f9, la pertinence du programme de\u00a0\u00ab Renforcement de la r\u00e9silience et des capacit\u00e9s locales pour la paix en provinces du Nord-Kivu, Sud-Kivu et de l\u2019Ituri \u00bb. Ce programme a pour objectif d\u2019am\u00e9liorer les capacit\u00e9s<\/p>","protected":false},"author":1,"featured_media":0,"parent":0,"menu_order":0,"comment_status":"closed","ping_status":"closed","template":"","meta":{"give_campaign_id":0,"om_disable_all_campaigns":false,"_monsterinsights_skip_tracking":false,"_monsterinsights_sitenote_active":false,"_monsterinsights_sitenote_note":"","_monsterinsights_sitenote_category":0,"site-sidebar-layout":"no-sidebar","site-content-layout":"page-builder","ast-site-content-layout":"full-width-container","site-content-style":"default","site-sidebar-style":"default","ast-global-header-display":"","ast-banner-title-visibility":"","ast-main-header-display":"","ast-hfb-above-header-display":"","ast-hfb-below-header-display":"","ast-hfb-mobile-header-display":"","site-post-title":"disabled","ast-breadcrumbs-content":"","ast-featured-img":"disabled","footer-sml-layout":"","ast-disable-related-posts":"","theme-transparent-header-meta":"default","adv-header-id-meta":"","stick-header-meta":"","header-above-stick-meta":"","header-main-stick-meta":"","header-below-stick-meta":"","astra-migrate-meta-layouts":"set","ast-page-background-enabled":"default","ast-page-background-meta":{"desktop":{"background-color":"","background-image":"","background-repeat":"repeat","background-position":"center center","background-size":"auto","background-attachment":"scroll","background-type":"","background-media":"","overlay-type":"","overlay-color":"","overlay-opacity":"","overlay-gradient":""},"tablet":{"background-color":"","background-image":"","background-repeat":"repeat","background-position":"center center","background-size":"auto","background-attachment":"scroll","background-type":"","background-media":"","overlay-type":"","overlay-color":"","overlay-opacity":"","overlay-gradient":""},"mobile":{"background-color":"","background-image":"","background-repeat":"repeat","background-position":"center center","background-size":"auto","background-attachment":"scroll","background-type":"","background-media":"","overlay-type":"","overlay-color":"","overlay-opacity":"","overlay-gradient":""}},"ast-content-background-meta":{"desktop":{"background-color":"var(--ast-global-color-5)","background-image":"","background-repeat":"repeat","background-position":"center center","background-size":"auto","background-attachment":"scroll","background-type":"","background-media":"","overlay-type":"","overlay-color":"","overlay-opacity":"","overlay-gradient":""},"tablet":{"background-color":"var(--ast-global-color-5)","background-image":"","background-repeat":"repeat","background-position":"center center","background-size":"auto","background-attachment":"scroll","background-type":"","background-media":"","overlay-type":"","overlay-color":"","overlay-opacity":"","overlay-gradient":""},"mobile":{"background-color":"var(--ast-global-color-5)","background-image":"","background-repeat":"repeat","background-position":"center center","background-size":"auto","background-attachment":"scroll","background-type":"","background-media":"","overlay-type":"","overlay-color":"","overlay-opacity":"","overlay-gradient":""}},"footnotes":""},"class_list":["post-606","page","type-page","status-publish","hentry"],"aioseo_notices":[],"campaignId":"","jetpack-related-posts":[],"jetpack_sharing_enabled":true,"rttpg_featured_image_url":null,"rttpg_author":{"display_name":"bureaudesoutien.org","author_link":"https:\/\/bureaudesoutien.org\/fr\/author\/bureaudesoutien-org\/"},"rttpg_comment":0,"rttpg_category":"","rttpg_excerpt":"PLAN STRAT\u00c9GIQUE DU BUREAU DE SOUTIEN 2024 &#8211; 2029 I. Presentation succincte de l\u2019approche du Bureau de Soutien Le Bureau de Soutien travaille pour r\u00e9habiliter et valoriser le r\u00f4le des acteurs locaux de paix dans la construction d\u2019une paix durable en R\u00e9publique d\u00e9mocratique du Congo. NOTRE VISION Notre vision est de rechercher des solutions durables\u2026","_links":{"self":[{"href":"https:\/\/bureaudesoutien.org\/fr\/wp-json\/wp\/v2\/pages\/606","targetHints":{"allow":["GET"]}}],"collection":[{"href":"https:\/\/bureaudesoutien.org\/fr\/wp-json\/wp\/v2\/pages"}],"about":[{"href":"https:\/\/bureaudesoutien.org\/fr\/wp-json\/wp\/v2\/types\/page"}],"author":[{"embeddable":true,"href":"https:\/\/bureaudesoutien.org\/fr\/wp-json\/wp\/v2\/users\/1"}],"replies":[{"embeddable":true,"href":"https:\/\/bureaudesoutien.org\/fr\/wp-json\/wp\/v2\/comments?post=606"}],"version-history":[{"count":115,"href":"https:\/\/bureaudesoutien.org\/fr\/wp-json\/wp\/v2\/pages\/606\/revisions"}],"predecessor-version":[{"id":1414,"href":"https:\/\/bureaudesoutien.org\/fr\/wp-json\/wp\/v2\/pages\/606\/revisions\/1414"}],"wp:attachment":[{"href":"https:\/\/bureaudesoutien.org\/fr\/wp-json\/wp\/v2\/media?parent=606"}],"curies":[{"name":"wp","href":"https:\/\/api.w.org\/{rel}","templated":true}]}}