{"id":1462,"date":"2024-12-11T14:31:56","date_gmt":"2024-12-11T12:31:56","guid":{"rendered":"https:\/\/bureaudesoutien.org\/?page_id=1462"},"modified":"2024-12-11T15:38:50","modified_gmt":"2024-12-11T13:38:50","slug":"loffre-de-stages-professionnels","status":"publish","type":"page","link":"https:\/\/bureaudesoutien.org\/fr\/loffre-de-stages-professionnels\/","title":{"rendered":"l&#8217;Offre de Stages Professionnels"},"content":{"rendered":"\t\t<div data-elementor-type=\"wp-page\" data-elementor-id=\"1462\" class=\"elementor elementor-1462\">\n\t\t\t\t<div class=\"elementor-element elementor-element-7ea5b08a0 e-flex e-con-boxed wpr-particle-no wpr-sticky-section-no wpr-equal-height-no e-con e-parent\" data-id=\"7ea5b08a0\" data-element_type=\"container\" data-e-type=\"container\" data-settings=\"{&quot;background_background&quot;:&quot;classic&quot;}\">\n\t\t\t\t\t<div class=\"e-con-inner\">\n\t\t<div class=\"elementor-element elementor-element-66b6d893 e-flex e-con-boxed wpr-particle-no wpr-sticky-section-no wpr-equal-height-no e-con e-child\" data-id=\"66b6d893\" data-element_type=\"container\" data-e-type=\"container\">\n\t\t\t\t\t<div class=\"e-con-inner\">\n\t\t\t\t<div class=\"elementor-element elementor-element-26e7ed32 elementor-widget elementor-widget-heading\" data-id=\"26e7ed32\" data-element_type=\"widget\" data-e-type=\"widget\" data-widget_type=\"heading.default\">\n\t\t\t\t<div class=\"elementor-widget-container\">\n\t\t\t\t\t<h2 class=\"elementor-heading-title elementor-size-default\">Termes de R\u00e9f\u00e9rence (TdR) pour l'Offre de Stages Professionnels<\/h2>\t\t\t\t<\/div>\n\t\t\t\t<\/div>\n\t\t\t\t\t<\/div>\n\t\t\t\t<\/div>\n\t\t\t\t\t<\/div>\n\t\t\t\t<\/div>\n\t\t<div class=\"elementor-element elementor-element-6f1885a9 e-flex e-con-boxed wpr-particle-no wpr-sticky-section-no wpr-equal-height-no e-con e-parent\" data-id=\"6f1885a9\" data-element_type=\"container\" data-e-type=\"container\" data-settings=\"{&quot;animation&quot;:&quot;none&quot;}\">\n\t\t\t\t\t<div class=\"e-con-inner\">\n\t\t<div class=\"elementor-element elementor-element-86f5a4e e-con-full e-flex wpr-particle-no wpr-sticky-section-no wpr-equal-height-no elementor-invisible e-con e-child\" data-id=\"86f5a4e\" data-element_type=\"container\" data-e-type=\"container\" data-settings=\"{&quot;animation&quot;:&quot;slideInRight&quot;}\">\n\t\t\t\t<div class=\"elementor-element elementor-element-27580492 elementor-widget elementor-widget-heading\" data-id=\"27580492\" data-element_type=\"widget\" data-e-type=\"widget\" data-widget_type=\"heading.default\">\n\t\t\t\t<div class=\"elementor-widget-container\">\n\t\t\t\t\t<h2 class=\"elementor-heading-title elementor-size-default\">Titre des postes :<\/h2>\t\t\t\t<\/div>\n\t\t\t\t<\/div>\n\t\t\t\t<div class=\"elementor-element elementor-element-2410869b elementor-widget elementor-widget-heading\" data-id=\"2410869b\" data-element_type=\"widget\" data-e-type=\"widget\" data-widget_type=\"heading.default\">\n\t\t\t\t<div class=\"elementor-widget-container\">\n\t\t\t\t\t<h2 class=\"elementor-heading-title elementor-size-default\">1. Charg\u00e9e de Programme Consolidation de la Paix\n<\/h2>\t\t\t\t<\/div>\n\t\t\t\t<\/div>\n\t\t\t\t<div class=\"elementor-element elementor-element-a353261 elementor-widget elementor-widget-heading\" data-id=\"a353261\" data-element_type=\"widget\" data-e-type=\"widget\" data-widget_type=\"heading.default\">\n\t\t\t\t<div class=\"elementor-widget-container\">\n\t\t\t\t\t<h2 class=\"elementor-heading-title elementor-size-default\">2. Assistants Programme de Consolidation de la Paix (2 postes)\n<\/h2>\t\t\t\t<\/div>\n\t\t\t\t<\/div>\n\t\t\t\t<div class=\"elementor-element elementor-element-f6ee5cd elementor-widget elementor-widget-heading\" data-id=\"f6ee5cd\" data-element_type=\"widget\" data-e-type=\"widget\" data-widget_type=\"heading.default\">\n\t\t\t\t<div class=\"elementor-widget-container\">\n\t\t\t\t\t<h2 class=\"elementor-heading-title elementor-size-default\">3. Facilitateurs Communautaires (2 postes)\n<\/h2>\t\t\t\t<\/div>\n\t\t\t\t<\/div>\n\t\t\t\t<div class=\"elementor-element elementor-element-4435678 elementor-widget elementor-widget-heading\" data-id=\"4435678\" data-element_type=\"widget\" data-e-type=\"widget\" data-widget_type=\"heading.default\">\n\t\t\t\t<div class=\"elementor-widget-container\">\n\t\t\t\t\t<h2 class=\"elementor-heading-title elementor-size-default\">Contexte :<\/h2>\t\t\t\t<\/div>\n\t\t\t\t<\/div>\n\t\t\t\t<div class=\"elementor-element elementor-element-19832df0 elementor-widget elementor-widget-text-editor\" data-id=\"19832df0\" data-element_type=\"widget\" data-e-type=\"widget\" data-widget_type=\"text-editor.default\">\n\t\t\t\t<div class=\"elementor-widget-container\">\n\t\t\t\t\t\t\t\t\t<p>Le Bureau de Soutien pour la consolidation de la paix en RDC a pour mission de renforcer les acteurs locaux de paix et instaurer une paix durable en RDC.<\/p><p>Dans les perspectives de promouvoir la paix, la s\u00e9curit\u00e9 et le d\u00e9veloppement durable dans les communaut\u00e9s fragiles en RDC.<\/p><p>Dans ce cadre, nous recherchons des stagiaires professionnels pour soutenir nos initiatives en mati\u00e8re de consolidation de la paix.<\/p>\t\t\t\t\t\t\t\t<\/div>\n\t\t\t\t<\/div>\n\t\t\t\t<div class=\"elementor-element elementor-element-d2f326f elementor-widget elementor-widget-heading\" data-id=\"d2f326f\" data-element_type=\"widget\" data-e-type=\"widget\" data-widget_type=\"heading.default\">\n\t\t\t\t<div class=\"elementor-widget-container\">\n\t\t\t\t\t<h2 class=\"elementor-heading-title elementor-size-default\">Objectif g\u00e9n\u00e9ral :<\/h2>\t\t\t\t<\/div>\n\t\t\t\t<\/div>\n\t\t\t\t<div class=\"elementor-element elementor-element-39992a1 elementor-widget elementor-widget-text-editor\" data-id=\"39992a1\" data-element_type=\"widget\" data-e-type=\"widget\" data-widget_type=\"text-editor.default\">\n\t\t\t\t<div class=\"elementor-widget-container\">\n\t\t\t\t\t\t\t\t\t<p>Renforcer l&#8217;\u00e9quipe du Bureau de Soutien pour la consolidation de la paix par l&#8217;int\u00e9gration de stagiaires motiv\u00e9s et comp\u00e9tents qui contribueront \u00e0 la mise en \u0153uvre de programmes de consolidation de la paix au niveau local.<\/p>\t\t\t\t\t\t\t\t<\/div>\n\t\t\t\t<\/div>\n\t\t\t\t<\/div>\n\t\t\t\t\t<\/div>\n\t\t\t\t<\/div>\n\t\t<div class=\"elementor-element elementor-element-7c1051a e-flex e-con-boxed wpr-particle-no wpr-sticky-section-no wpr-equal-height-no e-con e-parent\" data-id=\"7c1051a\" data-element_type=\"container\" data-e-type=\"container\" data-settings=\"{&quot;animation&quot;:&quot;none&quot;,&quot;animation_tablet&quot;:&quot;none&quot;}\">\n\t\t\t\t\t<div class=\"e-con-inner\">\n\t\t<div class=\"elementor-element elementor-element-58e1ac5 e-con-full e-flex wpr-particle-no wpr-sticky-section-no wpr-equal-height-no elementor-invisible e-con e-child\" data-id=\"58e1ac5\" data-element_type=\"container\" data-e-type=\"container\" data-settings=\"{&quot;animation&quot;:&quot;slideInRight&quot;}\">\n\t\t\t\t<div class=\"elementor-element elementor-element-d83d902 elementor-widget elementor-widget-heading\" data-id=\"d83d902\" data-element_type=\"widget\" data-e-type=\"widget\" data-widget_type=\"heading.default\">\n\t\t\t\t<div class=\"elementor-widget-container\">\n\t\t\t\t\t<h2 class=\"elementor-heading-title elementor-size-default\">1. Charg\u00e9e de Programme Consolidation de la Paix<\/h2>\t\t\t\t<\/div>\n\t\t\t\t<\/div>\n\t\t\t\t<div class=\"elementor-element elementor-element-a567b2d elementor-widget elementor-widget-heading\" data-id=\"a567b2d\" data-element_type=\"widget\" data-e-type=\"widget\" data-widget_type=\"heading.default\">\n\t\t\t\t<div class=\"elementor-widget-container\">\n\t\t\t\t\t<h2 class=\"elementor-heading-title elementor-size-default\">Responsabilit\u00e9s :<\/h2>\t\t\t\t<\/div>\n\t\t\t\t<\/div>\n\t\t\t\t<div class=\"elementor-element elementor-element-d4947f3 elementor-widget elementor-widget-text-editor\" data-id=\"d4947f3\" data-element_type=\"widget\" data-e-type=\"widget\" data-widget_type=\"text-editor.default\">\n\t\t\t\t<div class=\"elementor-widget-container\">\n\t\t\t\t\t\t\t\t\t<ul><li>Participer \u00e0 la conception, mise en \u0153uvre et \u00e9valuation des programmes de consolidation de la paix.<\/li><li>Analyser les besoins des communaut\u00e9s et proposer des interventions adapt\u00e9es<\/li><li>R\u00e9diger des rapports sur l&#8217;avancement des projets et les r\u00e9sultats obtenus.<\/li><li>Collaborer avec les partenaires locaux et les parties prenantes pour renforcer les synergies.<\/li><li>Contribuer \u00e0 l&#8217;organisation d&#8217;ateliers, de formations et d&#8217;\u00e9v\u00e9nements communautaires.<\/li><\/ul>\t\t\t\t\t\t\t\t<\/div>\n\t\t\t\t<\/div>\n\t\t\t\t<div class=\"elementor-element elementor-element-934e7f6 elementor-widget elementor-widget-heading\" data-id=\"934e7f6\" data-element_type=\"widget\" data-e-type=\"widget\" data-widget_type=\"heading.default\">\n\t\t\t\t<div class=\"elementor-widget-container\">\n\t\t\t\t\t<h2 class=\"elementor-heading-title elementor-size-default\">Qualifications :<\/h2>\t\t\t\t<\/div>\n\t\t\t\t<\/div>\n\t\t\t\t<div class=\"elementor-element elementor-element-8be837b elementor-widget elementor-widget-text-editor\" data-id=\"8be837b\" data-element_type=\"widget\" data-e-type=\"widget\" data-widget_type=\"text-editor.default\">\n\t\t\t\t<div class=\"elementor-widget-container\">\n\t\t\t\t\t\t\t\t\t<ul><li>\u00c9tudes sup\u00e9rieures en sciences sociales, relations internationales, d\u00e9veloppement communautaire ou domaine connexe.<\/li><li>Connaissance des enjeux li\u00e9s \u00e0 la paix et \u00e0 la s\u00e9curit\u00e9.<\/li><li>Excellentes comp\u00e9tences en communication \u00e9crite et orale.<\/li><li>Capacit\u00e9 \u00e0 travailler en \u00e9quipe et \u00e0 g\u00e9rer plusieurs t\u00e2ches simultan\u00e9ment.<\/li><\/ul>\t\t\t\t\t\t\t\t<\/div>\n\t\t\t\t<\/div>\n\t\t\t\t<\/div>\n\t\t\t\t\t<\/div>\n\t\t\t\t<\/div>\n\t\t<div class=\"elementor-element elementor-element-387095a e-transform e-transform e-flex e-con-boxed wpr-particle-no wpr-sticky-section-no wpr-equal-height-no e-con e-parent\" data-id=\"387095a\" data-element_type=\"container\" data-e-type=\"container\" data-settings=\"{&quot;animation&quot;:&quot;none&quot;,&quot;_transform_rotateZ_effect&quot;:{&quot;unit&quot;:&quot;px&quot;,&quot;size&quot;:&quot;&quot;,&quot;sizes&quot;:[]},&quot;_transform_rotateZ_effect_tablet&quot;:{&quot;unit&quot;:&quot;deg&quot;,&quot;size&quot;:&quot;&quot;,&quot;sizes&quot;:[]},&quot;_transform_rotateZ_effect_mobile&quot;:{&quot;unit&quot;:&quot;deg&quot;,&quot;size&quot;:&quot;&quot;,&quot;sizes&quot;:[]},&quot;_transform_translateX_effect&quot;:{&quot;unit&quot;:&quot;px&quot;,&quot;size&quot;:&quot;&quot;,&quot;sizes&quot;:[]},&quot;_transform_translateX_effect_tablet&quot;:{&quot;unit&quot;:&quot;px&quot;,&quot;size&quot;:&quot;&quot;,&quot;sizes&quot;:[]},&quot;_transform_translateX_effect_mobile&quot;:{&quot;unit&quot;:&quot;px&quot;,&quot;size&quot;:&quot;&quot;,&quot;sizes&quot;:[]},&quot;_transform_translateY_effect&quot;:{&quot;unit&quot;:&quot;px&quot;,&quot;size&quot;:&quot;&quot;,&quot;sizes&quot;:[]},&quot;_transform_translateY_effect_tablet&quot;:{&quot;unit&quot;:&quot;px&quot;,&quot;size&quot;:&quot;&quot;,&quot;sizes&quot;:[]},&quot;_transform_translateY_effect_mobile&quot;:{&quot;unit&quot;:&quot;px&quot;,&quot;size&quot;:&quot;&quot;,&quot;sizes&quot;:[]}}\">\n\t\t\t\t\t<div class=\"e-con-inner\">\n\t\t<div class=\"elementor-element elementor-element-ed41c8c e-con-full e-flex wpr-particle-no wpr-sticky-section-no wpr-equal-height-no elementor-invisible e-con e-child\" data-id=\"ed41c8c\" data-element_type=\"container\" data-e-type=\"container\" data-settings=\"{&quot;animation&quot;:&quot;slideInRight&quot;}\">\n\t\t\t\t<div class=\"elementor-element elementor-element-bdf4dcd elementor-widget elementor-widget-heading\" data-id=\"bdf4dcd\" data-element_type=\"widget\" data-e-type=\"widget\" data-widget_type=\"heading.default\">\n\t\t\t\t<div class=\"elementor-widget-container\">\n\t\t\t\t\t<h2 class=\"elementor-heading-title elementor-size-default\">2. Assistants Programme de Consolidation de la Paix (2 postes)<\/h2>\t\t\t\t<\/div>\n\t\t\t\t<\/div>\n\t\t\t\t<div class=\"elementor-element elementor-element-199bde9 elementor-widget elementor-widget-heading\" data-id=\"199bde9\" data-element_type=\"widget\" data-e-type=\"widget\" data-widget_type=\"heading.default\">\n\t\t\t\t<div class=\"elementor-widget-container\">\n\t\t\t\t\t<h2 class=\"elementor-heading-title elementor-size-default\">Responsabilit\u00e9s :<\/h2>\t\t\t\t<\/div>\n\t\t\t\t<\/div>\n\t\t\t\t<div class=\"elementor-element elementor-element-c316fec elementor-widget elementor-widget-text-editor\" data-id=\"c316fec\" data-element_type=\"widget\" data-e-type=\"widget\" data-widget_type=\"text-editor.default\">\n\t\t\t\t<div class=\"elementor-widget-container\">\n\t\t\t\t\t\t\t\t\t<ul><li>Assister la Charg\u00e9e de Programme dans la mise en \u0153uvre des activit\u00e9s.<\/li><li>Collecter et analyser des donn\u00e9es pour le suivi des projets.<\/li><li>Aider \u00e0 la r\u00e9daction de documents, rapports et de pr\u00e9sentations.<\/li><li>Participer aux r\u00e9unions avec les partenaires et prendre des notes.<\/li><li>Contribuer \u00e0 l&#8217;organisation logistique des activit\u00e9s sur le terrain.<\/li><\/ul>\t\t\t\t\t\t\t\t<\/div>\n\t\t\t\t<\/div>\n\t\t\t\t<div class=\"elementor-element elementor-element-dc31540 elementor-widget elementor-widget-heading\" data-id=\"dc31540\" data-element_type=\"widget\" data-e-type=\"widget\" data-widget_type=\"heading.default\">\n\t\t\t\t<div class=\"elementor-widget-container\">\n\t\t\t\t\t<h2 class=\"elementor-heading-title elementor-size-default\">Qualifications :<\/h2>\t\t\t\t<\/div>\n\t\t\t\t<\/div>\n\t\t\t\t<div class=\"elementor-element elementor-element-cb44e1a elementor-widget elementor-widget-text-editor\" data-id=\"cb44e1a\" data-element_type=\"widget\" data-e-type=\"widget\" data-widget_type=\"text-editor.default\">\n\t\t\t\t<div class=\"elementor-widget-container\">\n\t\t\t\t\t\t\t\t\t<ul><li>\u00c9tudes sup\u00e9rieures en sciences sociales, d\u00e9veloppement international ou domaine connexe.<\/li><li>Int\u00e9r\u00eat pour les questions de paix et de d\u00e9veloppement communautaire.<\/li><li>Bonnes comp\u00e9tences organisationnelles et souci du d\u00e9tail.<\/li><li>Ma\u00eetrise des outils informatiques (Word, Excel, PowerPoint).<\/li><\/ul>\t\t\t\t\t\t\t\t<\/div>\n\t\t\t\t<\/div>\n\t\t\t\t<\/div>\n\t\t\t\t\t<\/div>\n\t\t\t\t<\/div>\n\t\t<div class=\"elementor-element elementor-element-c900c65 e-transform e-transform e-flex e-con-boxed wpr-particle-no wpr-sticky-section-no wpr-equal-height-no e-con e-parent\" data-id=\"c900c65\" data-element_type=\"container\" data-e-type=\"container\" data-settings=\"{&quot;animation&quot;:&quot;none&quot;,&quot;_transform_rotateZ_effect&quot;:{&quot;unit&quot;:&quot;px&quot;,&quot;size&quot;:&quot;&quot;,&quot;sizes&quot;:[]},&quot;_transform_rotateZ_effect_tablet&quot;:{&quot;unit&quot;:&quot;deg&quot;,&quot;size&quot;:&quot;&quot;,&quot;sizes&quot;:[]},&quot;_transform_rotateZ_effect_mobile&quot;:{&quot;unit&quot;:&quot;deg&quot;,&quot;size&quot;:&quot;&quot;,&quot;sizes&quot;:[]},&quot;_transform_translateX_effect&quot;:{&quot;unit&quot;:&quot;px&quot;,&quot;size&quot;:&quot;&quot;,&quot;sizes&quot;:[]},&quot;_transform_translateX_effect_tablet&quot;:{&quot;unit&quot;:&quot;px&quot;,&quot;size&quot;:&quot;&quot;,&quot;sizes&quot;:[]},&quot;_transform_translateX_effect_mobile&quot;:{&quot;unit&quot;:&quot;px&quot;,&quot;size&quot;:&quot;&quot;,&quot;sizes&quot;:[]},&quot;_transform_translateY_effect&quot;:{&quot;unit&quot;:&quot;px&quot;,&quot;size&quot;:&quot;&quot;,&quot;sizes&quot;:[]},&quot;_transform_translateY_effect_tablet&quot;:{&quot;unit&quot;:&quot;px&quot;,&quot;size&quot;:&quot;&quot;,&quot;sizes&quot;:[]},&quot;_transform_translateY_effect_mobile&quot;:{&quot;unit&quot;:&quot;px&quot;,&quot;size&quot;:&quot;&quot;,&quot;sizes&quot;:[]}}\">\n\t\t\t\t\t<div class=\"e-con-inner\">\n\t\t<div class=\"elementor-element elementor-element-be5304e e-con-full e-flex wpr-particle-no wpr-sticky-section-no wpr-equal-height-no elementor-invisible e-con e-child\" data-id=\"be5304e\" data-element_type=\"container\" data-e-type=\"container\" data-settings=\"{&quot;animation&quot;:&quot;slideInRight&quot;}\">\n\t\t\t\t<div class=\"elementor-element elementor-element-799ebc1 elementor-widget elementor-widget-heading\" data-id=\"799ebc1\" data-element_type=\"widget\" data-e-type=\"widget\" data-widget_type=\"heading.default\">\n\t\t\t\t<div class=\"elementor-widget-container\">\n\t\t\t\t\t<h2 class=\"elementor-heading-title elementor-size-default\">3. Facilitateurs Communautaires (2 postes)<\/h2>\t\t\t\t<\/div>\n\t\t\t\t<\/div>\n\t\t\t\t<div class=\"elementor-element elementor-element-4ff7071 elementor-widget elementor-widget-heading\" data-id=\"4ff7071\" data-element_type=\"widget\" data-e-type=\"widget\" data-widget_type=\"heading.default\">\n\t\t\t\t<div class=\"elementor-widget-container\">\n\t\t\t\t\t<h2 class=\"elementor-heading-title elementor-size-default\">Responsabilit\u00e9s :<\/h2>\t\t\t\t<\/div>\n\t\t\t\t<\/div>\n\t\t\t\t<div class=\"elementor-element elementor-element-943f934 elementor-widget elementor-widget-text-editor\" data-id=\"943f934\" data-element_type=\"widget\" data-e-type=\"widget\" data-widget_type=\"text-editor.default\">\n\t\t\t\t<div class=\"elementor-widget-container\">\n\t\t\t\t\t\t\t\t\t<ul><li>Travailler directement avec les communaut\u00e9s (r\u00e9seaux des acteurs locaux de paix) pour identifier les besoins et priorit\u00e9s locales.<\/li><li>Faciliter des discussions et ateliers sur la paix et la coh\u00e9sion sociale.<\/li><li>Encourager la participation communautaire dans les initiatives de consolidation de la paix.<\/li><li>Collecter des retours d&#8217;exp\u00e9rience et des t\u00e9moignages pour am\u00e9liorer les programmes.<\/li><li>Servir de lien entre le Bureau de Soutien et les communaut\u00e9s locales.<\/li><\/ul>\t\t\t\t\t\t\t\t<\/div>\n\t\t\t\t<\/div>\n\t\t\t\t<div class=\"elementor-element elementor-element-2cac41e elementor-widget elementor-widget-heading\" data-id=\"2cac41e\" data-element_type=\"widget\" data-e-type=\"widget\" data-widget_type=\"heading.default\">\n\t\t\t\t<div class=\"elementor-widget-container\">\n\t\t\t\t\t<h2 class=\"elementor-heading-title elementor-size-default\">Qualifications :<\/h2>\t\t\t\t<\/div>\n\t\t\t\t<\/div>\n\t\t\t\t<div class=\"elementor-element elementor-element-499377e elementor-widget elementor-widget-text-editor\" data-id=\"499377e\" data-element_type=\"widget\" data-e-type=\"widget\" data-widget_type=\"text-editor.default\">\n\t\t\t\t<div class=\"elementor-widget-container\">\n\t\t\t\t\t\t\t\t\t<ul><li>Dipl\u00f4me en sciences sociales, \u00e9ducation, d\u00e9veloppement communautaire ou domaine connexe.<\/li><li>Excellentes comp\u00e9tences interpersonnelles et capacit\u00e9 \u00e0 travailler avec divers groupes communautaires.<\/li><li>Sensibilit\u00e9 aux dynamiques culturelles et sociales locales.<\/li><li>Exp\u00e9rience en animation de groupes ou facilitation d&#8217;ateliers est un atout.<\/li><\/ul>\t\t\t\t\t\t\t\t<\/div>\n\t\t\t\t<\/div>\n\t\t\t\t<\/div>\n\t\t\t\t\t<\/div>\n\t\t\t\t<\/div>\n\t\t<div class=\"elementor-element elementor-element-43a170a e-flex e-con-boxed wpr-particle-no wpr-sticky-section-no wpr-equal-height-no e-con e-parent\" data-id=\"43a170a\" data-element_type=\"container\" data-e-type=\"container\" data-settings=\"{&quot;background_background&quot;:&quot;classic&quot;,&quot;shape_divider_bottom&quot;:&quot;opacity-fan&quot;}\">\n\t\t\t\t\t<div class=\"e-con-inner\">\n\t\t\t\t<div class=\"elementor-shape elementor-shape-bottom\" aria-hidden=\"true\" data-negative=\"false\">\n\t\t\t<svg xmlns=\"http:\/\/www.w3.org\/2000\/svg\" viewBox=\"0 0 283.5 19.6\" preserveAspectRatio=\"none\">\n\t<path class=\"elementor-shape-fill\" style=\"opacity:0.33\" d=\"M0 0L0 18.8 141.8 4.1 283.5 18.8 283.5 0z\"\/>\n\t<path class=\"elementor-shape-fill\" style=\"opacity:0.33\" d=\"M0 0L0 12.6 141.8 4 283.5 12.6 283.5 0z\"\/>\n\t<path class=\"elementor-shape-fill\" style=\"opacity:0.33\" d=\"M0 0L0 6.4 141.8 4 283.5 6.4 283.5 0z\"\/>\n\t<path class=\"elementor-shape-fill\" d=\"M0 0L0 1.2 141.8 4 283.5 1.2 283.5 0z\"\/>\n<\/svg>\t\t<\/div>\n\t\t\t\t<div class=\"elementor-element elementor-element-683a55d8 elementor-widget elementor-widget-heading\" data-id=\"683a55d8\" data-element_type=\"widget\" data-e-type=\"widget\" data-widget_type=\"heading.default\">\n\t\t\t\t<div class=\"elementor-widget-container\">\n\t\t\t\t\t<h2 class=\"elementor-heading-title elementor-size-default\">Modalit\u00e9s de candidature :<\/h2>\t\t\t\t<\/div>\n\t\t\t\t<\/div>\n\t\t\t\t<div class=\"elementor-element elementor-element-1da8f59 elementor-widget elementor-widget-text-editor\" data-id=\"1da8f59\" data-element_type=\"widget\" data-e-type=\"widget\" data-widget_type=\"text-editor.default\">\n\t\t\t\t<div class=\"elementor-widget-container\">\n\t\t\t\t\t\t\t\t\t<p><strong>Dur\u00e9e du stage :<\/strong> 6 mois, avec possibilit\u00e9 de prolongation selon les besoins du Bureau.<\/p><p><strong>Lieu :<\/strong> Bureau de Goma<\/p><p><strong>Date limite de candidature :<\/strong> 31 \/12\/2024<\/p><p><strong>Documents requis<\/strong> :<\/p><ul><li>CV actualis\u00e9<\/li><li>Lettre de motivation<\/li><li>Copies des dipl\u00f4mes<\/li><\/ul><p>Les candidatures doivent \u00eatre envoy\u00e9es par email \u00e0 l\u2019adresse email :\u00a0 <strong><a href=\"mailto:info@bureaudesoutien.org\">info@bureaudesoutien.org<\/a><\/strong><\/p><p>Envoy\u00e9e email au bureau de soutien avec l&#8217;objet &#8220;Candidature Stage &#8211; &#8220;[Titre du poste]&#8221;.<\/p>\t\t\t\t\t\t\t\t<\/div>\n\t\t\t\t<\/div>\n\t\t\t\t\t<\/div>\n\t\t\t\t<\/div>\n\t\t<div class=\"elementor-element elementor-element-51010ca e-transform e-transform e-flex e-con-boxed wpr-particle-no wpr-sticky-section-no wpr-equal-height-no e-con e-parent\" data-id=\"51010ca\" data-element_type=\"container\" data-e-type=\"container\" data-settings=\"{&quot;animation&quot;:&quot;none&quot;,&quot;_transform_rotateZ_effect&quot;:{&quot;unit&quot;:&quot;px&quot;,&quot;size&quot;:&quot;&quot;,&quot;sizes&quot;:[]},&quot;_transform_rotateZ_effect_tablet&quot;:{&quot;unit&quot;:&quot;deg&quot;,&quot;size&quot;:&quot;&quot;,&quot;sizes&quot;:[]},&quot;_transform_rotateZ_effect_mobile&quot;:{&quot;unit&quot;:&quot;deg&quot;,&quot;size&quot;:&quot;&quot;,&quot;sizes&quot;:[]},&quot;_transform_translateX_effect&quot;:{&quot;unit&quot;:&quot;px&quot;,&quot;size&quot;:&quot;&quot;,&quot;sizes&quot;:[]},&quot;_transform_translateX_effect_tablet&quot;:{&quot;unit&quot;:&quot;px&quot;,&quot;size&quot;:&quot;&quot;,&quot;sizes&quot;:[]},&quot;_transform_translateX_effect_mobile&quot;:{&quot;unit&quot;:&quot;px&quot;,&quot;size&quot;:&quot;&quot;,&quot;sizes&quot;:[]},&quot;_transform_translateY_effect&quot;:{&quot;unit&quot;:&quot;px&quot;,&quot;size&quot;:&quot;&quot;,&quot;sizes&quot;:[]},&quot;_transform_translateY_effect_tablet&quot;:{&quot;unit&quot;:&quot;px&quot;,&quot;size&quot;:&quot;&quot;,&quot;sizes&quot;:[]},&quot;_transform_translateY_effect_mobile&quot;:{&quot;unit&quot;:&quot;px&quot;,&quot;size&quot;:&quot;&quot;,&quot;sizes&quot;:[]}}\">\n\t\t\t\t\t<div class=\"e-con-inner\">\n\t\t<div class=\"elementor-element elementor-element-a56321f e-con-full e-flex wpr-particle-no wpr-sticky-section-no wpr-equal-height-no elementor-invisible e-con e-child\" data-id=\"a56321f\" data-element_type=\"container\" data-e-type=\"container\" data-settings=\"{&quot;animation&quot;:&quot;slideInRight&quot;}\">\n\t\t\t\t<div class=\"elementor-element elementor-element-eeca683 elementor-widget elementor-widget-heading\" data-id=\"eeca683\" data-element_type=\"widget\" data-e-type=\"widget\" data-widget_type=\"heading.default\">\n\t\t\t\t<div class=\"elementor-widget-container\">\n\t\t\t\t\t<h2 class=\"elementor-heading-title elementor-size-default\">Conclusion:<\/h2>\t\t\t\t<\/div>\n\t\t\t\t<\/div>\n\t\t\t\t<div class=\"elementor-element elementor-element-cc5b102 elementor-widget elementor-widget-text-editor\" data-id=\"cc5b102\" data-element_type=\"widget\" data-e-type=\"widget\" data-widget_type=\"text-editor.default\">\n\t\t\t\t<div class=\"elementor-widget-container\">\n\t\t\t\t\t\t\t\t\t<p>Ce stage repr\u00e9sente une occasion unique d&#8217;acqu\u00e9rir une exp\u00e9rience pratique dans le domaine de la consolidation de la paix tout en contribuant positivement aux efforts locaux. Nous encourageons toutes les personnes int\u00e9ress\u00e9es \u00e0 postuler et \u00e0 rejoindre notre mission pour un monde plus pacifique.<\/p>\t\t\t\t\t\t\t\t<\/div>\n\t\t\t\t<\/div>\n\t\t\t\t<\/div>\n\t\t\t\t\t<\/div>\n\t\t\t\t<\/div>\n\t\t\t\t<\/div>\n\t\t","protected":false},"excerpt":{"rendered":"<p>Termes de R\u00e9f\u00e9rence (TdR) pour l&#8217;Offre de Stages Professionnels Titre des postes : 1. Charg\u00e9e de Programme Consolidation de la Paix 2. Assistants Programme de Consolidation de la Paix (2 postes) 3. Facilitateurs Communautaires (2 postes) Contexte : Le Bureau de Soutien pour la consolidation de la paix en RDC a pour mission de renforcer les acteurs locaux de paix et instaurer une paix durable en RDC. Dans les perspectives de promouvoir la paix, la s\u00e9curit\u00e9 et le d\u00e9veloppement durable dans les communaut\u00e9s fragiles en RDC. Dans ce cadre, nous recherchons des stagiaires professionnels pour soutenir nos initiatives en mati\u00e8re de consolidation de la paix. Objectif g\u00e9n\u00e9ral : Renforcer l&#8217;\u00e9quipe du Bureau de Soutien pour la consolidation de la paix par l&#8217;int\u00e9gration de stagiaires motiv\u00e9s et comp\u00e9tents qui contribueront \u00e0 la mise en \u0153uvre de programmes de consolidation de la paix au niveau local. 1. Charg\u00e9e de Programme Consolidation de la Paix Responsabilit\u00e9s : Participer \u00e0 la conception, mise en \u0153uvre et \u00e9valuation des programmes de consolidation de la paix. Analyser les besoins des communaut\u00e9s et proposer des interventions adapt\u00e9es R\u00e9diger des rapports sur l&#8217;avancement des projets et les r\u00e9sultats obtenus. Collaborer avec les partenaires locaux et les parties prenantes pour renforcer les synergies. Contribuer \u00e0 l&#8217;organisation d&#8217;ateliers, de formations et d&#8217;\u00e9v\u00e9nements communautaires. Qualifications : \u00c9tudes sup\u00e9rieures en sciences sociales, relations internationales, d\u00e9veloppement communautaire ou domaine connexe. Connaissance des enjeux li\u00e9s \u00e0 la paix et \u00e0 la s\u00e9curit\u00e9. Excellentes comp\u00e9tences en communication \u00e9crite et orale. Capacit\u00e9 \u00e0 travailler en \u00e9quipe et \u00e0 g\u00e9rer plusieurs t\u00e2ches simultan\u00e9ment. 2. Assistants Programme de Consolidation de la Paix (2 postes) Responsabilit\u00e9s : Assister la Charg\u00e9e de Programme dans la mise en \u0153uvre des activit\u00e9s. Collecter et analyser des donn\u00e9es pour le suivi des projets. Aider \u00e0 la r\u00e9daction de documents, rapports et de pr\u00e9sentations. Participer aux r\u00e9unions avec les partenaires et prendre des notes. Contribuer \u00e0 l&#8217;organisation logistique des activit\u00e9s sur le terrain. Qualifications : \u00c9tudes sup\u00e9rieures en sciences sociales, d\u00e9veloppement international ou domaine connexe. Int\u00e9r\u00eat pour les questions de paix et de d\u00e9veloppement communautaire. Bonnes comp\u00e9tences organisationnelles et souci du d\u00e9tail. Ma\u00eetrise des outils informatiques (Word, Excel, PowerPoint). 3. Facilitateurs Communautaires (2 postes) Responsabilit\u00e9s : Travailler directement avec les communaut\u00e9s (r\u00e9seaux des acteurs locaux de paix) pour identifier les besoins et priorit\u00e9s locales. Faciliter des discussions et ateliers sur la paix et la coh\u00e9sion sociale. Encourager la participation communautaire dans les initiatives de consolidation de la paix. Collecter des retours d&#8217;exp\u00e9rience et des t\u00e9moignages pour am\u00e9liorer les programmes. Servir de lien entre le Bureau de Soutien et les communaut\u00e9s locales. Qualifications : Dipl\u00f4me en sciences sociales, \u00e9ducation, d\u00e9veloppement communautaire ou domaine connexe. Excellentes comp\u00e9tences interpersonnelles et capacit\u00e9 \u00e0 travailler avec divers groupes communautaires. Sensibilit\u00e9 aux dynamiques culturelles et sociales locales. Exp\u00e9rience en animation de groupes ou facilitation d&#8217;ateliers est un atout. Modalit\u00e9s de candidature : Dur\u00e9e du stage : 6 mois, avec possibilit\u00e9 de prolongation selon les besoins du Bureau. Lieu : Bureau de Goma Date limite de candidature : 31 \/12\/2024 Documents requis : CV actualis\u00e9 Lettre de motivation Copies des dipl\u00f4mes Les candidatures doivent \u00eatre envoy\u00e9es par email \u00e0 l\u2019adresse email :\u00a0 info@bureaudesoutien.org Envoy\u00e9e email au bureau de soutien avec l&#8217;objet &#8220;Candidature Stage &#8211; &#8220;[Titre du poste]&#8221;. Conclusion: Ce stage repr\u00e9sente une occasion unique d&#8217;acqu\u00e9rir une exp\u00e9rience pratique dans le domaine de la consolidation de la paix tout en contribuant positivement aux efforts locaux. Nous encourageons toutes les personnes int\u00e9ress\u00e9es \u00e0 postuler et \u00e0 rejoindre notre mission pour un monde plus pacifique.<\/p>\n","protected":false},"author":1,"featured_media":0,"parent":0,"menu_order":0,"comment_status":"closed","ping_status":"closed","template":"","meta":{"give_campaign_id":0,"om_disable_all_campaigns":false,"_monsterinsights_skip_tracking":false,"_monsterinsights_sitenote_active":false,"_monsterinsights_sitenote_note":"","_monsterinsights_sitenote_category":0,"site-sidebar-layout":"no-sidebar","site-content-layout":"page-builder","ast-site-content-layout":"full-width-container","site-content-style":"unboxed","site-sidebar-style":"unboxed","ast-global-header-display":"","ast-banner-title-visibility":"","ast-main-header-display":"","ast-hfb-above-header-display":"","ast-hfb-below-header-display":"","ast-hfb-mobile-header-display":"","site-post-title":"disabled","ast-breadcrumbs-content":"","ast-featured-img":"disabled","footer-sml-layout":"","ast-disable-related-posts":"","theme-transparent-header-meta":"default","adv-header-id-meta":"","stick-header-meta":"","header-above-stick-meta":"","header-main-stick-meta":"","header-below-stick-meta":"","astra-migrate-meta-layouts":"set","ast-page-background-enabled":"default","ast-page-background-meta":{"desktop":{"background-color":"","background-image":"","background-repeat":"repeat","background-position":"center center","background-size":"auto","background-attachment":"scroll","background-type":"","background-media":"","overlay-type":"","overlay-color":"","overlay-opacity":"","overlay-gradient":""},"tablet":{"background-color":"","background-image":"","background-repeat":"repeat","background-position":"center center","background-size":"auto","background-attachment":"scroll","background-type":"","background-media":"","overlay-type":"","overlay-color":"","overlay-opacity":"","overlay-gradient":""},"mobile":{"background-color":"","background-image":"","background-repeat":"repeat","background-position":"center center","background-size":"auto","background-attachment":"scroll","background-type":"","background-media":"","overlay-type":"","overlay-color":"","overlay-opacity":"","overlay-gradient":""}},"ast-content-background-meta":{"desktop":{"background-color":"var(--ast-global-color-5)","background-image":"","background-repeat":"repeat","background-position":"center center","background-size":"auto","background-attachment":"scroll","background-type":"","background-media":"","overlay-type":"","overlay-color":"","overlay-opacity":"","overlay-gradient":""},"tablet":{"background-color":"var(--ast-global-color-5)","background-image":"","background-repeat":"repeat","background-position":"center center","background-size":"auto","background-attachment":"scroll","background-type":"","background-media":"","overlay-type":"","overlay-color":"","overlay-opacity":"","overlay-gradient":""},"mobile":{"background-color":"var(--ast-global-color-5)","background-image":"","background-repeat":"repeat","background-position":"center center","background-size":"auto","background-attachment":"scroll","background-type":"","background-media":"","overlay-type":"","overlay-color":"","overlay-opacity":"","overlay-gradient":""}},"footnotes":""},"class_list":["post-1462","page","type-page","status-publish","hentry"],"aioseo_notices":[],"campaignId":"","jetpack-related-posts":[],"jetpack_sharing_enabled":true,"rttpg_featured_image_url":null,"rttpg_author":{"display_name":"bureaudesoutien.org","author_link":"https:\/\/bureaudesoutien.org\/fr\/author\/bureaudesoutien-org\/"},"rttpg_comment":0,"rttpg_category":null,"rttpg_excerpt":"Termes de R\u00e9f\u00e9rence (TdR) pour l&#8217;Offre de Stages Professionnels Titre des postes : 1. Charg\u00e9e de Programme Consolidation de la Paix 2. Assistants Programme de Consolidation de la Paix (2 postes) 3. Facilitateurs Communautaires (2 postes) Contexte : Le Bureau de Soutien pour la consolidation de la paix en RDC a pour mission de renforcer\u2026","_links":{"self":[{"href":"https:\/\/bureaudesoutien.org\/fr\/wp-json\/wp\/v2\/pages\/1462","targetHints":{"allow":["GET"]}}],"collection":[{"href":"https:\/\/bureaudesoutien.org\/fr\/wp-json\/wp\/v2\/pages"}],"about":[{"href":"https:\/\/bureaudesoutien.org\/fr\/wp-json\/wp\/v2\/types\/page"}],"author":[{"embeddable":true,"href":"https:\/\/bureaudesoutien.org\/fr\/wp-json\/wp\/v2\/users\/1"}],"replies":[{"embeddable":true,"href":"https:\/\/bureaudesoutien.org\/fr\/wp-json\/wp\/v2\/comments?post=1462"}],"version-history":[{"count":22,"href":"https:\/\/bureaudesoutien.org\/fr\/wp-json\/wp\/v2\/pages\/1462\/revisions"}],"predecessor-version":[{"id":1504,"href":"https:\/\/bureaudesoutien.org\/fr\/wp-json\/wp\/v2\/pages\/1462\/revisions\/1504"}],"wp:attachment":[{"href":"https:\/\/bureaudesoutien.org\/fr\/wp-json\/wp\/v2\/media?parent=1462"}],"curies":[{"name":"wp","href":"https:\/\/api.w.org\/{rel}","templated":true}]}}