{"id":1096,"date":"2023-11-19T23:51:55","date_gmt":"2023-11-19T21:51:55","guid":{"rendered":"https:\/\/bureaudesoutien.org\/?page_id=1096"},"modified":"2023-11-20T00:16:34","modified_gmt":"2023-11-19T22:16:34","slug":"esperance-twizere","status":"publish","type":"page","link":"https:\/\/bureaudesoutien.org\/fr\/esperance-twizere\/","title":{"rendered":"Esperance Twizere"},"content":{"rendered":"<div data-elementor-type=\"wp-page\" data-elementor-id=\"1096\" class=\"elementor elementor-1096\">\n\t\t\t\t\t\t<section class=\"elementor-section elementor-top-section elementor-element elementor-element-47a619e00 elementor-section-boxed elementor-section-height-default elementor-section-height-default wpr-particle-no wpr-sticky-section-no wpr-equal-height-no\" data-id=\"47a619e00\" data-element_type=\"section\" data-e-type=\"section\" data-settings=\"{&quot;background_background&quot;:&quot;classic&quot;}\">\n\t\t\t\t\t\t\t<div class=\"elementor-background-overlay\"><\/div>\n\t\t\t\t\t\t\t<div class=\"elementor-container elementor-column-gap-default\">\n\t\t\t\t\t<div class=\"elementor-column elementor-col-100 elementor-top-column elementor-element elementor-element-3fe8f26d\" data-id=\"3fe8f26d\" data-element_type=\"column\" data-e-type=\"column\">\n\t\t\t<div class=\"elementor-widget-wrap elementor-element-populated\">\n\t\t\t\t\t\t<div class=\"elementor-element elementor-element-225d2931 elementor-widget elementor-widget-heading\" data-id=\"225d2931\" data-element_type=\"widget\" data-e-type=\"widget\" data-widget_type=\"heading.default\">\n\t\t\t\t<div class=\"elementor-widget-container\">\n\t\t\t\t\t<h2 class=\"elementor-heading-title elementor-size-default\">\u00c0 propos de<\/h2>\t\t\t\t<\/div>\n\t\t\t\t<\/div>\n\t\t\t\t\t<\/div>\n\t\t<\/div>\n\t\t\t\t\t<\/div>\n\t\t<\/section>\n\t\t\t\t<section class=\"elementor-section elementor-top-section elementor-element elementor-element-4027b82c elementor-section-boxed elementor-section-height-default elementor-section-height-default wpr-particle-no wpr-sticky-section-no wpr-equal-height-no\" data-id=\"4027b82c\" data-element_type=\"section\" data-e-type=\"section\">\n\t\t\t\t\t\t<div class=\"elementor-container elementor-column-gap-wide\">\n\t\t\t\t\t<div class=\"elementor-column elementor-col-100 elementor-top-column elementor-element elementor-element-596e4edd\" data-id=\"596e4edd\" data-element_type=\"column\" data-e-type=\"column\">\n\t\t\t<div class=\"elementor-widget-wrap elementor-element-populated\">\n\t\t\t\t\t\t<section class=\"elementor-section elementor-inner-section elementor-element elementor-element-672152b elementor-section-boxed elementor-section-height-default elementor-section-height-default wpr-particle-no wpr-sticky-section-no wpr-equal-height-no\" data-id=\"672152b\" data-element_type=\"section\" data-e-type=\"section\">\n\t\t\t\t\t\t<div class=\"elementor-container elementor-column-gap-no\">\n\t\t\t\t\t<div class=\"elementor-column elementor-col-50 elementor-inner-column elementor-element elementor-element-56af82d1\" data-id=\"56af82d1\" data-element_type=\"column\" data-e-type=\"column\">\n\t\t\t<div class=\"elementor-widget-wrap elementor-element-populated\">\n\t\t\t\t\t\t<div class=\"elementor-element elementor-element-464324f6 elementor-widget-divider--view-line elementor-widget elementor-widget-divider\" data-id=\"464324f6\" data-element_type=\"widget\" data-e-type=\"widget\" data-widget_type=\"divider.default\">\n\t\t\t\t<div class=\"elementor-widget-container\">\n\t\t\t\t\t\t\t<div class=\"elementor-divider\">\n\t\t\t<span class=\"elementor-divider-separator\">\n\t\t\t\t\t\t<\/span>\n\t\t<\/div>\n\t\t\t\t\t\t<\/div>\n\t\t\t\t<\/div>\n\t\t\t\t\t<\/div>\n\t\t<\/div>\n\t\t\t\t<div class=\"elementor-column elementor-col-50 elementor-inner-column elementor-element elementor-element-574bbaa0\" data-id=\"574bbaa0\" data-element_type=\"column\" data-e-type=\"column\">\n\t\t\t<div class=\"elementor-widget-wrap elementor-element-populated\">\n\t\t\t\t\t\t<div class=\"elementor-element elementor-element-273c7cd2 elementor-widget elementor-widget-heading\" data-id=\"273c7cd2\" data-element_type=\"widget\" data-e-type=\"widget\" data-widget_type=\"heading.default\">\n\t\t\t\t<div class=\"elementor-widget-container\">\n\t\t\t\t\t<h2 class=\"elementor-heading-title elementor-size-default\">\u00c0 Propos de Moi<\/h2>\t\t\t\t<\/div>\n\t\t\t\t<\/div>\n\t\t\t\t\t<\/div>\n\t\t<\/div>\n\t\t\t\t\t<\/div>\n\t\t<\/section>\n\t\t\t\t<div class=\"elementor-element elementor-element-66a256f1 elementor-widget elementor-widget-heading\" data-id=\"66a256f1\" data-element_type=\"widget\" data-e-type=\"widget\" data-widget_type=\"heading.default\">\n\t\t\t\t<div class=\"elementor-widget-container\">\n\t\t\t\t\t<h2 class=\"elementor-heading-title elementor-size-default\">ESPERANCE TWIZERE <\/h2>\t\t\t\t<\/div>\n\t\t\t\t<\/div>\n\t\t\t\t<div class=\"elementor-element elementor-element-500a31d1 elementor-widget__width-initial elementor-widget elementor-widget-text-editor\" data-id=\"500a31d1\" data-element_type=\"widget\" data-e-type=\"widget\" data-widget_type=\"text-editor.default\">\n\t\t\t\t<div class=\"elementor-widget-container\">\n\t\t\t\t\t\t\t\t\t<p>Je suis ESPERANCE TWIZERE Coordinatrice des projets du bureau de soutien pour la consolidation de la paix en RDC.<\/p><p>En ce qui me concerne, j&#8217;ai 8 ans d&#8217;exp\u00e9rience dans le cadre d&#8217;accompagnement des communaut\u00e9s sous diff\u00e9rentes approches notamment la RAP (Recherche action participative, approche engagement communautaire et autres que j&#8217;ai utilis\u00e9 pour la paix et le d\u00e9veloppement en RDC, sp\u00e9cifiquement en province du Nord Kivu et Sud Kivu o\u00f9 j&#8217;ai plus accompagn\u00e9 les communaut\u00e9s.<\/p><p><b>De 2012 \u00e0 2016,<\/b> j&#8217;ai travaill\u00e9 \u00e0 Masisi comme assistante \u00e0 un programme de gestion et transformation de conflit au compte de l&#8217;organisation d\u00e9nomm\u00e9 Action solidaire pour la paix en partenariat avec Life and Peace Institute et Un habitat dans le but de consolider la paix au Nord Kivu.<\/p><p>\u00a0 <br \/>Dans ce cadre , nous avons mis en place des Structures appel\u00e9 CITC ( comit\u00e9 interpaysan de Transformation de Conflit) dans tout les groupements du territoire de Masisi regroupant des leaders communautaire de diff\u00e9rentes couches sociales pour les r\u00e9solutions des conflits, des m\u00e9diations et consultations communautaire. <br \/>jusqu&#8217;\u00e0 ces jours les membres de ces structures restent une r\u00e9f\u00e9rence dans leurs groupements et villages pour la r\u00e9solution des conflits.<\/p><p>Gr\u00e2ce \u00e0 l&#8217; approche RAP, nous avons produits plusieurs analyses, nous avons organis\u00e9 des dialogues intercommunautaires , nous avons fait des plaidoyers et des consultations avec diff\u00e9rentes parties prenantes au conflit pour la recherche de la paix.<\/p><p><b>De 2016 \u00e0 2017<\/b> j&#8217;ai travaill\u00e9 comme consultante dans le domaine de recherche avec des organisations comme &#8220;SFCG pour son projet terrain d&#8217;entente&#8221; au Sud Kivu; j&#8217;ai \u00e9t\u00e9 consultante avec un habitat IRC, Save the Children; toujours aux c\u00f4t\u00e9s des communaut\u00e9s locales.<\/p><p>\u00a0 <br \/>En 2018 jusqu&#8217;en 2021, j&#8217;ai \u00e9t\u00e9 engag\u00e9 en tant qu&#8217;expert charg\u00e9 d&#8217;engagement communautaire au sein de l&#8217;organisation MDF\/AC pour son projet water for Virunga en territoire de Rutshuru et de Nyiragongo.<\/p><p>J&#8217;ai organis\u00e9 plusieurs formations et des \u00e9valuations avec la communaut\u00e9 locale pour son appropriation au projet mis en \u0153uvre. La communaut\u00e9 s&#8217;est appropri\u00e9 le projet et jusqu&#8217;\u00e0 \u00e0 pr\u00e9sent la communaut\u00e9 organise des r\u00e9unions de paix et de d\u00e9veloppement dans leur village. Des membres qui \u00e9tait form\u00e9 comme acteurs locaux de paix reste aussi des r\u00e9f\u00e9rences dans les villages pour la r\u00e9solution des conflits.<\/p><p><b>Actuellement, je travaille pour le bureau de soutien pour la consolidation de la paix depuis Avril 2023 o\u00f9 je coordonne les activit\u00e9s en accompagnant les acteurs locaux de paix.<\/b><\/p><p>Gr\u00e2ce \u00e0 notre approche de mutualisation des efforts des acteurs locaux de paix, ils deviennent plus coh\u00e9sive, r\u00e9silient et coordonn\u00e9es dans leurs activit\u00e9s pour la consolidation de la paix.<\/p><p><br \/>Ces exp\u00e9riences m&#8217;ont donn\u00e9 la chance de devenir une actrice de paix partout o\u00f9 je suis, je deviens a chaque jour plus performant gr\u00e2ce aux personnes que je rencontre et ce monde de travail en tant qu&#8217;actrice de paix.<\/p>\t\t\t\t\t\t\t\t<\/div>\n\t\t\t\t<\/div>\n\t\t\t\t<div class=\"elementor-element elementor-element-871ed90 elementor-shape-rounded elementor-grid-0 e-grid-align-center elementor-widget elementor-widget-social-icons\" data-id=\"871ed90\" data-element_type=\"widget\" data-e-type=\"widget\" data-widget_type=\"social-icons.default\">\n\t\t\t\t<div class=\"elementor-widget-container\">\n\t\t\t\t\t\t\t<div class=\"elementor-social-icons-wrapper elementor-grid\" role=\"list\">\n\t\t\t\t\t\t\t<span class=\"elementor-grid-item\" role=\"listitem\">\n\t\t\t\t\t<a class=\"elementor-icon elementor-social-icon elementor-social-icon-facebook elementor-repeater-item-810e669\" target=\"_blank\">\n\t\t\t\t\t\t<span class=\"elementor-screen-only\">Facebook<\/span>\n\t\t\t\t\t\t<svg aria-hidden=\"true\" class=\"e-font-icon-svg e-fab-facebook\" viewbox=\"0 0 512 512\" xmlns=\"http:\/\/www.w3.org\/2000\/svg\"><path d=\"M504 256C504 119 393 8 256 8S8 119 8 256c0 123.78 90.69 226.38 209.25 245V327.69h-63V256h63v-54.64c0-62.15 37-96.48 93.67-96.48 27.14 0 55.52 4.84 55.52 4.84v61h-31.28c-30.8 0-40.41 19.12-40.41 38.73V256h68.78l-11 71.69h-57.78V501C413.31 482.38 504 379.78 504 256z\"><\/path><\/svg>\t\t\t\t\t<\/a>\n\t\t\t\t<\/span>\n\t\t\t\t\t\t\t<span class=\"elementor-grid-item\" role=\"listitem\">\n\t\t\t\t\t<a class=\"elementor-icon elementor-social-icon elementor-social-icon-twitter elementor-repeater-item-ef847fd\" target=\"_blank\">\n\t\t\t\t\t\t<span class=\"elementor-screen-only\">Twitter<\/span>\n\t\t\t\t\t\t<svg aria-hidden=\"true\" class=\"e-font-icon-svg e-fab-twitter\" viewbox=\"0 0 512 512\" xmlns=\"http:\/\/www.w3.org\/2000\/svg\"><path d=\"M459.37 151.716c.325 4.548.325 9.097.325 13.645 0 138.72-105.583 298.558-298.558 298.558-59.452 0-114.68-17.219-161.137-47.106 8.447.974 16.568 1.299 25.34 1.299 49.055 0 94.213-16.568 130.274-44.832-46.132-.975-84.792-31.188-98.112-72.772 6.498.974 12.995 1.624 19.818 1.624 9.421 0 18.843-1.3 27.614-3.573-48.081-9.747-84.143-51.98-84.143-102.985v-1.299c13.969 7.797 30.214 12.67 47.431 13.319-28.264-18.843-46.781-51.005-46.781-87.391 0-19.492 5.197-37.36 14.294-52.954 51.655 63.675 129.3 105.258 216.365 109.807-1.624-7.797-2.599-15.918-2.599-24.04 0-57.828 46.782-104.934 104.934-104.934 30.213 0 57.502 12.67 76.67 33.137 23.715-4.548 46.456-13.32 66.599-25.34-7.798 24.366-24.366 44.833-46.132 57.827 21.117-2.273 41.584-8.122 60.426-16.243-14.292 20.791-32.161 39.308-52.628 54.253z\"><\/path><\/svg>\t\t\t\t\t<\/a>\n\t\t\t\t<\/span>\n\t\t\t\t\t\t\t<span class=\"elementor-grid-item\" role=\"listitem\">\n\t\t\t\t\t<a class=\"elementor-icon elementor-social-icon elementor-social-icon-linkedin elementor-repeater-item-3751f18\" target=\"_blank\">\n\t\t\t\t\t\t<span class=\"elementor-screen-only\">Linkedin<\/span>\n\t\t\t\t\t\t<svg aria-hidden=\"true\" class=\"e-font-icon-svg e-fab-linkedin\" viewbox=\"0 0 448 512\" xmlns=\"http:\/\/www.w3.org\/2000\/svg\"><path d=\"M416 32H31.9C14.3 32 0 46.5 0 64.3v383.4C0 465.5 14.3 480 31.9 480H416c17.6 0 32-14.5 32-32.3V64.3c0-17.8-14.4-32.3-32-32.3zM135.4 416H69V202.2h66.5V416zm-33.2-243c-21.3 0-38.5-17.3-38.5-38.5S80.9 96 102.2 96c21.2 0 38.5 17.3 38.5 38.5 0 21.3-17.2 38.5-38.5 38.5zm282.1 243h-66.4V312c0-24.8-.5-56.7-34.5-56.7-34.6 0-39.9 27-39.9 54.9V416h-66.4V202.2h63.7v29.2h.9c8.9-16.8 30.6-34.5 62.9-34.5 67.2 0 79.7 44.3 79.7 101.9V416z\"><\/path><\/svg>\t\t\t\t\t<\/a>\n\t\t\t\t<\/span>\n\t\t\t\t\t\t\t<span class=\"elementor-grid-item\" role=\"listitem\">\n\t\t\t\t\t<a class=\"elementor-icon elementor-social-icon elementor-social-icon-envelope elementor-repeater-item-a677255\" target=\"_blank\">\n\t\t\t\t\t\t<span class=\"elementor-screen-only\">Envelope<\/span>\n\t\t\t\t\t\t<svg aria-hidden=\"true\" class=\"e-font-icon-svg e-fas-envelope\" viewbox=\"0 0 512 512\" xmlns=\"http:\/\/www.w3.org\/2000\/svg\"><path d=\"M502.3 190.8c3.9-3.1 9.7-.2 9.7 4.7V400c0 26.5-21.5 48-48 48H48c-26.5 0-48-21.5-48-48V195.6c0-5 5.7-7.8 9.7-4.7 22.4 17.4 52.1 39.5 154.1 113.6 21.1 15.4 56.7 47.8 92.2 47.6 35.7.3 72-32.8 92.3-47.6 102-74.1 131.6-96.3 154-113.7zM256 320c23.2.4 56.6-29.2 73.4-41.4 132.7-96.3 142.8-104.7 173.4-128.7 5.8-4.5 9.2-11.5 9.2-18.9v-19c0-26.5-21.5-48-48-48H48C21.5 64 0 85.5 0 112v19c0 7.4 3.4 14.3 9.2 18.9 30.6 23.9 40.7 32.4 173.4 128.7 16.8 12.2 50.2 41.8 73.4 41.4z\"><\/path><\/svg>\t\t\t\t\t<\/a>\n\t\t\t\t<\/span>\n\t\t\t\t\t<\/div>\n\t\t\t\t\t\t<\/div>\n\t\t\t\t<\/div>\n\t\t\t\t\t<\/div>\n\t\t<\/div>\n\t\t\t\t\t<\/div>\n\t\t<\/section>\n\t\t\t\t<\/div>","protected":false},"excerpt":{"rendered":"<p>\u00c0 propos de \u00c0 Propos de Moi ESPERANCE TWIZERE Je suis ESPERANCE TWIZERE Coordinatrice des projets du bureau de soutien pour la consolidation de la paix en RDC. En ce qui me concerne, j&#8217;ai 8 ans d&#8217;exp\u00e9rience dans le cadre d&#8217;accompagnement des communaut\u00e9s sous diff\u00e9rentes approches notamment la RAP (Recherche action participative, approche engagement communautaire et autres que j&#8217;ai utilis\u00e9 pour la paix et le d\u00e9veloppement en RDC, sp\u00e9cifiquement en province du Nord Kivu et Sud Kivu o\u00f9 j&#8217;ai plus accompagn\u00e9 les communaut\u00e9s. De 2012 \u00e0 2016, j&#8217;ai travaill\u00e9 \u00e0 Masisi comme assistante \u00e0 un programme de gestion et transformation de conflit au compte de l&#8217;organisation d\u00e9nomm\u00e9 Action solidaire pour la paix en partenariat avec Life and Peace Institute et Un habitat dans le but de consolider la paix au Nord Kivu. Dans ce cadre , nous avons mis en place des Structures appel\u00e9 CITC ( comit\u00e9 interpaysan de Transformation de Conflit) dans tout les groupements du territoire de Masisi regroupant des leaders communautaire de diff\u00e9rentes couches sociales pour les r\u00e9solutions des conflits, des m\u00e9diations et consultations communautaire. jusqu&#8217;\u00e0 ces jours les membres de ces structures restent une r\u00e9f\u00e9rence dans leurs groupements et villages pour la r\u00e9solution des conflits. Gr\u00e2ce \u00e0 l&#8217; approche RAP, nous avons produits plusieurs analyses, nous avons organis\u00e9 des dialogues intercommunautaires , nous avons fait des plaidoyers et des consultations avec diff\u00e9rentes parties prenantes au conflit pour la recherche de la paix. De 2016 \u00e0 2017 j&#8217;ai travaill\u00e9 comme consultante dans le domaine de recherche avec des organisations comme &#8220;SFCG pour son projet terrain d&#8217;entente&#8221; au Sud Kivu; j&#8217;ai \u00e9t\u00e9 consultante avec un habitat IRC, Save the Children; toujours aux c\u00f4t\u00e9s des communaut\u00e9s locales. En 2018 jusqu&#8217;en 2021, j&#8217;ai \u00e9t\u00e9 engag\u00e9 en tant qu&#8217;expert charg\u00e9 d&#8217;engagement communautaire au sein de l&#8217;organisation MDF\/AC pour son projet water for Virunga en territoire de Rutshuru et de Nyiragongo. J&#8217;ai organis\u00e9 plusieurs formations et des \u00e9valuations avec la communaut\u00e9 locale pour son appropriation au projet mis en \u0153uvre. La communaut\u00e9 s&#8217;est appropri\u00e9 le projet et jusqu&#8217;\u00e0 \u00e0 pr\u00e9sent la communaut\u00e9 organise des r\u00e9unions de paix et de d\u00e9veloppement dans leur village. Des membres qui \u00e9tait form\u00e9 comme acteurs locaux de paix reste aussi des r\u00e9f\u00e9rences dans les villages pour la r\u00e9solution des conflits. Actuellement, je travaille pour le bureau de soutien pour la consolidation de la paix depuis Avril 2023 o\u00f9 je coordonne les activit\u00e9s en accompagnant les acteurs locaux de paix. Gr\u00e2ce \u00e0 notre approche de mutualisation des efforts des acteurs locaux de paix, ils deviennent plus coh\u00e9sive, r\u00e9silient et coordonn\u00e9es dans leurs activit\u00e9s pour la consolidation de la paix. Ces exp\u00e9riences m&#8217;ont donn\u00e9 la chance de devenir une actrice de paix partout o\u00f9 je suis, je deviens a chaque jour plus performant gr\u00e2ce aux personnes que je rencontre et ce monde de travail en tant qu&#8217;actrice de paix. Facebook Twitter Linkedin Envelope<\/p>","protected":false},"author":1,"featured_media":0,"parent":0,"menu_order":0,"comment_status":"closed","ping_status":"closed","template":"","meta":{"give_campaign_id":0,"om_disable_all_campaigns":false,"_monsterinsights_skip_tracking":false,"_monsterinsights_sitenote_active":false,"_monsterinsights_sitenote_note":"","_monsterinsights_sitenote_category":0,"site-sidebar-layout":"no-sidebar","site-content-layout":"page-builder","ast-site-content-layout":"full-width-container","site-content-style":"default","site-sidebar-style":"default","ast-global-header-display":"","ast-banner-title-visibility":"","ast-main-header-display":"","ast-hfb-above-header-display":"","ast-hfb-below-header-display":"","ast-hfb-mobile-header-display":"","site-post-title":"disabled","ast-breadcrumbs-content":"","ast-featured-img":"disabled","footer-sml-layout":"","ast-disable-related-posts":"","theme-transparent-header-meta":"default","adv-header-id-meta":"","stick-header-meta":"","header-above-stick-meta":"","header-main-stick-meta":"","header-below-stick-meta":"","astra-migrate-meta-layouts":"set","ast-page-background-enabled":"default","ast-page-background-meta":{"desktop":{"background-color":"","background-image":"","background-repeat":"repeat","background-position":"center center","background-size":"auto","background-attachment":"scroll","background-type":"","background-media":"","overlay-type":"","overlay-color":"","overlay-opacity":"","overlay-gradient":""},"tablet":{"background-color":"","background-image":"","background-repeat":"repeat","background-position":"center center","background-size":"auto","background-attachment":"scroll","background-type":"","background-media":"","overlay-type":"","overlay-color":"","overlay-opacity":"","overlay-gradient":""},"mobile":{"background-color":"","background-image":"","background-repeat":"repeat","background-position":"center center","background-size":"auto","background-attachment":"scroll","background-type":"","background-media":"","overlay-type":"","overlay-color":"","overlay-opacity":"","overlay-gradient":""}},"ast-content-background-meta":{"desktop":{"background-color":"var(--ast-global-color-5)","background-image":"","background-repeat":"repeat","background-position":"center center","background-size":"auto","background-attachment":"scroll","background-type":"","background-media":"","overlay-type":"","overlay-color":"","overlay-opacity":"","overlay-gradient":""},"tablet":{"background-color":"var(--ast-global-color-5)","background-image":"","background-repeat":"repeat","background-position":"center center","background-size":"auto","background-attachment":"scroll","background-type":"","background-media":"","overlay-type":"","overlay-color":"","overlay-opacity":"","overlay-gradient":""},"mobile":{"background-color":"var(--ast-global-color-5)","background-image":"","background-repeat":"repeat","background-position":"center center","background-size":"auto","background-attachment":"scroll","background-type":"","background-media":"","overlay-type":"","overlay-color":"","overlay-opacity":"","overlay-gradient":""}},"footnotes":""},"class_list":["post-1096","page","type-page","status-publish","hentry"],"aioseo_notices":[],"campaignId":"","jetpack-related-posts":[],"jetpack_sharing_enabled":true,"rttpg_featured_image_url":null,"rttpg_author":{"display_name":"bureaudesoutien.org","author_link":"https:\/\/bureaudesoutien.org\/fr\/author\/bureaudesoutien-org\/"},"rttpg_comment":0,"rttpg_category":null,"rttpg_excerpt":"\u00c0 propos de \u00c0 Propos de Moi ESPERANCE TWIZERE Je suis ESPERANCE TWIZERE Coordinatrice des projets du bureau de soutien pour la consolidation de la paix en RDC. En ce qui me concerne, j&#8217;ai 8 ans d&#8217;exp\u00e9rience dans le cadre d&#8217;accompagnement des communaut\u00e9s sous diff\u00e9rentes approches notamment la RAP (Recherche action participative, approche engagement communautaire\u2026","_links":{"self":[{"href":"https:\/\/bureaudesoutien.org\/fr\/wp-json\/wp\/v2\/pages\/1096","targetHints":{"allow":["GET"]}}],"collection":[{"href":"https:\/\/bureaudesoutien.org\/fr\/wp-json\/wp\/v2\/pages"}],"about":[{"href":"https:\/\/bureaudesoutien.org\/fr\/wp-json\/wp\/v2\/types\/page"}],"author":[{"embeddable":true,"href":"https:\/\/bureaudesoutien.org\/fr\/wp-json\/wp\/v2\/users\/1"}],"replies":[{"embeddable":true,"href":"https:\/\/bureaudesoutien.org\/fr\/wp-json\/wp\/v2\/comments?post=1096"}],"version-history":[{"count":27,"href":"https:\/\/bureaudesoutien.org\/fr\/wp-json\/wp\/v2\/pages\/1096\/revisions"}],"predecessor-version":[{"id":1124,"href":"https:\/\/bureaudesoutien.org\/fr\/wp-json\/wp\/v2\/pages\/1096\/revisions\/1124"}],"wp:attachment":[{"href":"https:\/\/bureaudesoutien.org\/fr\/wp-json\/wp\/v2\/media?parent=1096"}],"curies":[{"name":"wp","href":"https:\/\/api.w.org\/{rel}","templated":true}]}}